{"id":369,"date":"2021-11-18T16:56:57","date_gmt":"2021-11-18T16:56:57","guid":{"rendered":"https:\/\/intl.phonak.com\/sr-rs\/pediatric-solutions\/"},"modified":"2025-08-15T08:16:09","modified_gmt":"2025-08-15T08:16:09","slug":"pediatric-solutions","status":"publish","type":"page","link":"https:\/\/intl.phonak.com\/sr-rs\/resenja\/pediatric-solutions\/","title":{"rendered":"Pedijatrijska re\u0161enja"},"content":{"rendered":"\n<div class=\"wp-block-cover alignfull is-light\"><img decoding=\"async\" class=\"wp-block-cover__image-background wp-image-6552\" alt=\"\" src=\"https:\/\/intl.phonak.com\/sr-rs\/wp-content\/uploads\/sites\/3\/2023\/02\/PH_Pic_generic_kids_01.png\" data-object-fit=\"cover\"\/><span aria-hidden=\"true\" class=\"wp-block-cover__background has-white-background-color has-background-dim\"><\/span><div class=\"wp-block-cover__inner-container is-layout-flow wp-block-cover-is-layout-flow\">\n<h1 class=\"wp-block-heading has-text-align-center has-dark-grey-color has-text-color\" id=\"discover-your-child-s-hearing\">Otkrijte sluh va\u0161eg deteta<\/h1>\n\n\n\n<p class=\"has-text-align-center has-dark-grey-color has-text-color has-lead-font-size\">Pedijatrijska slu\u0161na re\u0161enja za svako doba<\/p>\n<\/div><\/div>\n\n\n\n<div style=\"height:21px\" aria-hidden=\"true\" class=\"wp-block-spacer\"><\/div>\n\n\n\n<h2 class=\"wp-block-heading has-text-align-center\">Slu\u0161na re\u0161enja za decu i tinejd\u017eere<\/h2>\n\n\n\n<p class=\"has-text-align-center is-style-default\">Svako dete je jedinstveno, kao i njihove potrebe za slu\u0161anjem. Sa \u0161irokim spektrom slu\u0161nih pomagala Phonak i pribora za be\u017ei\u010dnu komunikaciju, postoji tehnolo\u0161ko re\u0161enje za svako uzrasta deteta.<\/p>\n\n\n\n<p class=\"has-text-align-center\">Pristup re\u010dima i razgovorima je od vitalnog zna\u010daja za razvoj dece i tinejd\u017eera. Razgovori sa voljenima &#8211; za ve\u010derom, u parku, u automobilu &#8211; su me\u0111u najva\u017enijim sastojcima u oblikovanju razvoja jezika.<\/p>\n\n\n\n<p class=\"has-text-align-center\">Izgradnja okru\u017eenja bogatog jezikom za decu sa gubitkom sluha zna\u010di maksimiziranje svake prilike za interakciju, a slu\u0161ni aparati za decu dizajnirani da se udobno nose tokom celog dana poma\u017eu deci i tinejd\u017eerima sa gubitkom sluha da maksimiziraju interakcije &#8220;slu\u017ee i vra\u0107aju&#8221; koje su im dostupne kroz tok situacija koje se stalno menjaju.<\/p>\n\n\n\n<div style=\"height:53px\" aria-hidden=\"true\" class=\"wp-block-spacer\"><\/div>\n\n\n\n<div class=\"wp-block-media-text has-media-on-the-right is-stacked-on-mobile\"><div class=\"wp-block-media-text__content\">\n<h3 class=\"wp-block-heading has-blue-color has-text-color\">Dojen\u010dad i mala djeca<\/h3>\n\n\n\n<p>Za ovu starosnu grupu va\u017eno je obezbediti stimulaciju sluha i da dete \u0161to vi\u0161e nosi slu\u0161ni aparat. Dojen\u010dad i mala deca obi\u010dno nose slu\u0161ni aparat iza uha jer pru\u017eaju najbolju udobnost, stabilnost i sigurnost za ovu starosnu grupu.<\/p>\n\n\n\n<h5 class=\"wp-block-heading\"><strong>Pregledi sluha za decu<\/strong><\/h5>\n\n\n\n<p>Sposobnost sluha mo\u017ee se testirati na novoro\u0111en\u010dadi ubrzo nakon ro\u0111enja. \u0160to se pre otkrije gubitak sluha, to je bolje, jer je odgovaraju\u0107a intervencija veoma va\u017ena za razvoj govora i jezika va\u0161eg deteta.<\/p>\n<\/div><figure class=\"wp-block-media-text__media\"><img decoding=\"async\" src=\"https:\/\/intl.phonak.com\/sr-rs\/wp-content\/uploads\/sites\/3\/2023\/12\/Visual_Sky-L-PR_ChildAndMomExhibitionBackdropCropped.jpg?w=592\" alt=\"Mom and daughter \" class=\"wp-image-7305 size-full\"\/><\/figure><\/div>\n\n\n\n<div class=\"wp-block-media-text is-stacked-on-mobile\"><figure class=\"wp-block-media-text__media\"><img decoding=\"async\" src=\"https:\/\/intl.phonak.com\/sr-rs\/wp-content\/uploads\/sites\/3\/2023\/12\/Visual_Sky-L-UP_Kid.jpg?w=592\" alt=\"Kids\" class=\"wp-image-7308 size-full\"\/><\/figure><div class=\"wp-block-media-text__content\">\n<h3 class=\"wp-block-heading has-blue-color has-text-color\">Deca \u0161kolskog uzrasta<\/h3>\n\n\n\n<p>Deca po\u010dinju da budu nezavisnija i izlo\u017eena su slo\u017eenijim komunikacijskim situacijama u ovom uzrastu. Da bi va\u0161e dijete lak\u0161e razumjelo \u0161ta u\u010ditelj govori ili da vas \u010duje kada zovete, postoje alati za be\u017ei\u010dnu komunikaciju koji \u0107e vam pomo\u0107i. Razli\u010dite kombinacije boja \u010dine va\u0161e dijete zabavnim da nosi slu\u0161ni aparat.<\/p>\n<\/div><\/div>\n\n\n\n<div class=\"wp-block-media-text has-media-on-the-right is-stacked-on-mobile\"><div class=\"wp-block-media-text__content\">\n<h3 class=\"wp-block-heading has-blue-color has-text-color\">Tinejd\u045beri<\/h3>\n\n\n\n<p>Va\u0161 tinejd\u017eer \u017eeli da bude kao i svaki drugi tinejd\u017eer: bavite se sportom, slu\u0161ajte muziku, dru\u017eite se sa prijateljima, poka\u017eite svoju jedinstvenost kroz modu ili frizuru itd. Va\u0161 tinejd\u017eer sve to mo\u017ee u\u010diniti zahvaljuju\u0107i be\u017ei\u010dnim dodacima koji povezuju slu\u0161na pomagala sa mp3 plejerom, mobilnim telefonom, tabletom ili televizorom. Saslu\u0161anje trenera ili prijatelja, \u010dak i na daljinu ili u bu\u010dnim okru\u017eenjima, bi\u0107e lako.<\/p>\n<\/div><figure class=\"wp-block-media-text__media\"><img decoding=\"async\" src=\"https:\/\/intl.phonak.com\/sr-rs\/wp-content\/uploads\/sites\/3\/2023\/12\/Visual_Audeo-L-RL_Teen-1-1-Converstations-in-Loud-1.jpg?w=592\" alt=\"Teenagers\" class=\"wp-image-7310 size-full\"\/><\/figure><\/div>\n\n\n\n<div style=\"height:39px\" aria-hidden=\"true\" class=\"wp-block-spacer\"><\/div>\n\n\n\n<div class=\"wp-block-media-text is-stacked-on-mobile\"><figure class=\"wp-block-media-text__media\"><img decoding=\"async\" src=\"https:\/\/intl.phonak.com\/sr-rs\/wp-content\/uploads\/sites\/3\/2022\/03\/Roger-Ped-accessories-RGB.jpg?w=1024\" alt=\"\" class=\"wp-image-5309 size-full\"\/><\/figure><div class=\"wp-block-media-text__content\">\n<h3 class=\"wp-block-heading has-blue-color has-text-color\" id=\"meet-roger\">Upoznajte Roger za obrazovanje<\/h3>\n\n\n\n<p>Mnoge situacije mogu predstavljati izazov slu\u0161anja, tako da ponekad \u010dak i najnaprednija tehnologija slu\u0161nog aparata treba poja\u010dati. Sa na\u0161im be\u017ei\u010dnim dodacima, va\u0161e dete mo\u017ee lak\u0161e da komunicira i pove\u017ee se sa dana\u0161njom audio tehnologijom, kao \u0161to su pametni telefoni, Bluetooth\u00ae ure\u0111aji, MP3 plejeri i televizori.<\/p>\n\n\n\n<p><a href=\"https:\/\/intl.phonak.com\/sr-rs\/resenja\/roger-edukacija\/\">Pro\u010ditajte vi\u0161e o Roger za obrazovanje<\/a><\/p>\n<\/div><\/div>\n\n\n\n<div class=\"wp-block-group alignfull has-light-grey-background-color has-background is-layout-flow wp-block-group-is-layout-flow\">\n\t<div class=\"wp-block-pho-product-selection \">\n\t\t<div class=\"grid-x grid-padding-x grid-padding-y\">\n\n\t\t\t\t\t\t\t<div class=\"cell\">\n\t\t\t\t\t<h2 class=\"text-center\">Proizvodi<\/h2>\n\t\t\t\t<\/div>\n\t\t\t\t\n\t\t\t\t<div class=\"cell medium-6 large-4 flex-container\">\n\t\t\t\t\t\n<article id=\"post-32\" class=\"product-card post-32 pho_products type-pho_products status-publish has-post-thumbnail hentry pho_product_type-deca-i-tinejdzeri pho_product_type-snaga pho_product_category-pedijatrija pho_product_category-slusni-aparati pho_product_platforms-lumity\">\n\t\t<a class=\"flex-container flex-dir-column align-justify align-top\" href=\"https:\/\/intl.phonak.com\/sr-rs\/proizvodi\/phonak-sky-lumity\/\">\n\t\t<div class=\"product-card-content-wrapper\">\n\t\t\t\n\t\t\t\t<div class=\"product-image-wrapper\">\n\t\t\t\t\t<img loading=\"lazy\" decoding=\"async\" width=\"600\" height=\"600\" src=\"https:\/\/intl.phonak.com\/sr-rs\/wp-content\/uploads\/sites\/70\/2025\/07\/PH_Packshot_Love-Sky-L-Hook_M8-1.png?w=600\" class=\"attachment-post-thumbnail size-post-thumbnail wp-post-image\" alt=\"Phonak Sky Lumity\" srcset=\"https:\/\/intl.phonak.com\/sr-rs\/wp-content\/uploads\/sites\/70\/2025\/07\/PH_Packshot_Love-Sky-L-Hook_M8-1.png 600w, https:\/\/intl.phonak.com\/sr-rs\/wp-content\/uploads\/sites\/70\/2025\/07\/PH_Packshot_Love-Sky-L-Hook_M8-1.png?resize=150,150 150w, https:\/\/intl.phonak.com\/sr-rs\/wp-content\/uploads\/sites\/70\/2025\/07\/PH_Packshot_Love-Sky-L-Hook_M8-1.png?resize=300,300 300w\" sizes=\"auto, (max-width: 600px) 100vw, 600px\" \/>\t\t\t\t<\/div>\n\n\t\t\t\t<h3 class=\"entry-title\">Phonak Sky\u2122 Lumity<\/h3><p>Pedijatrijska opcija, opremljena najnovijom Lumity tehnologijom. Nudi \u0161irok izbor de\u010djih kombinacija boja kako bi deca mogla da izraze svoju jedinstvenost.<\/p>\n\t\t<\/div>\n\t\t<div class=\"wp-block-button\">\n\t\t\t<div class=\"wp-block-button__link\">prio\u010ditaj vi\u0161e<\/div>\n\t\t<\/div>\n\t<\/a>\n<\/article><!-- #post-32 -->\n\t\t\t\t<\/div>\n\n\t\t\t\t\n\t\t\t\t<div class=\"cell medium-6 large-4 flex-container\">\n\t\t\t\t\t\n<article id=\"post-72\" class=\"product-card post-72 pho_products type-pho_products status-publish has-post-thumbnail hentry pho_product_type-bimodal pho_product_type-deca-i-tinejdzeri pho_product_type-snaga pho_product_category-pedijatrija pho_product_category-slusni-aparati\">\n\t\t<a class=\"flex-container flex-dir-column align-justify align-top\" href=\"https:\/\/intl.phonak.com\/sr-rs\/proizvodi\/phonak-sky-link-m\/\">\n\t\t<div class=\"product-card-content-wrapper\">\n\t\t\t\n\t\t\t\t<div class=\"product-image-wrapper\">\n\t\t\t\t\t<img loading=\"lazy\" decoding=\"async\" width=\"1024\" height=\"1024\" src=\"https:\/\/intl.phonak.com\/sr-rs\/wp-content\/uploads\/sites\/70\/2025\/07\/PH_Packshot_Love_Sky_Link_M_Hook_R2_050-0802-Q3-e1654235126717.png?w=1024\" class=\"attachment-post-thumbnail size-post-thumbnail wp-post-image\" alt=\"Phonak Sky Link M pair\" srcset=\"https:\/\/intl.phonak.com\/sr-rs\/wp-content\/uploads\/sites\/70\/2025\/07\/PH_Packshot_Love_Sky_Link_M_Hook_R2_050-0802-Q3-e1654235126717.png 1200w, https:\/\/intl.phonak.com\/sr-rs\/wp-content\/uploads\/sites\/70\/2025\/07\/PH_Packshot_Love_Sky_Link_M_Hook_R2_050-0802-Q3-e1654235126717.png?resize=150,150 150w, https:\/\/intl.phonak.com\/sr-rs\/wp-content\/uploads\/sites\/70\/2025\/07\/PH_Packshot_Love_Sky_Link_M_Hook_R2_050-0802-Q3-e1654235126717.png?resize=300,300 300w, https:\/\/intl.phonak.com\/sr-rs\/wp-content\/uploads\/sites\/70\/2025\/07\/PH_Packshot_Love_Sky_Link_M_Hook_R2_050-0802-Q3-e1654235126717.png?resize=768,768 768w, https:\/\/intl.phonak.com\/sr-rs\/wp-content\/uploads\/sites\/70\/2025\/07\/PH_Packshot_Love_Sky_Link_M_Hook_R2_050-0802-Q3-e1654235126717.png?resize=1024,1024 1024w\" sizes=\"auto, (max-width: 1024px) 100vw, 1024px\" \/>\t\t\t\t<\/div>\n\n\t\t\t\t<h3 class=\"entry-title\">Phonak Sky\u2122 Link M<\/h3><p>Sky\u2122 Link M can be paired with an Advanced Bionics (AB) pediatric sound processor making a truly bimodal solution.<\/p>\n\t\t<\/div>\n\t\t<div class=\"wp-block-button\">\n\t\t\t<div class=\"wp-block-button__link\">prio\u010ditaj vi\u0161e<\/div>\n\t\t<\/div>\n\t<\/a>\n<\/article><!-- #post-72 -->\n\t\t\t\t<\/div>\n\n\t\t\t\t\n\t\t\t\t<div class=\"cell medium-6 large-4 flex-container\">\n\t\t\t\t\t\n<article id=\"post-24\" class=\"product-card post-24 pho_products type-pho_products status-publish has-post-thumbnail hentry pho_product_type-prvi-put pho_product_category-slusni-aparati pho_product_platforms-lumity\">\n\t\t<a class=\"flex-container flex-dir-column align-justify align-top\" href=\"https:\/\/intl.phonak.com\/sr-rs\/proizvodi\/phonak-audeo-lumity\/\">\n\t\t<div class=\"product-card-content-wrapper\">\n\t\t\t\n\t\t\t\t<div class=\"product-image-wrapper\">\n\t\t\t\t\t<img loading=\"lazy\" decoding=\"async\" width=\"600\" height=\"600\" src=\"https:\/\/intl.phonak.com\/sr-rs\/wp-content\/uploads\/sites\/70\/2025\/07\/PH_Packshot_Audeo-L-R-P8-Pair_WithoutReceiver.png?w=600\" class=\"attachment-post-thumbnail size-post-thumbnail wp-post-image\" alt=\"Phonak Aud\u00e9o Lumity pair\" srcset=\"https:\/\/intl.phonak.com\/sr-rs\/wp-content\/uploads\/sites\/70\/2025\/07\/PH_Packshot_Audeo-L-R-P8-Pair_WithoutReceiver.png 600w, https:\/\/intl.phonak.com\/sr-rs\/wp-content\/uploads\/sites\/70\/2025\/07\/PH_Packshot_Audeo-L-R-P8-Pair_WithoutReceiver.png?resize=150,150 150w, https:\/\/intl.phonak.com\/sr-rs\/wp-content\/uploads\/sites\/70\/2025\/07\/PH_Packshot_Audeo-L-R-P8-Pair_WithoutReceiver.png?resize=300,300 300w\" sizes=\"auto, (max-width: 600px) 100vw, 600px\" \/>\t\t\t\t<\/div>\n\n\t\t\t\t<h3 class=\"entry-title\">Phonak Aud\u00e9o\u2122 Lumity<\/h3><p>Idealno Lumity re\u0161enje za one koji \u017eele diskretno RIC ku\u0107i\u0161te, sa najnaprednijom tehnologijom za one sa blagim do te\u0161kim gubitkom sluha. <\/p>\n\t\t<\/div>\n\t\t<div class=\"wp-block-button\">\n\t\t\t<div class=\"wp-block-button__link\">prio\u010ditaj vi\u0161e<\/div>\n\t\t<\/div>\n\t<\/a>\n<\/article><!-- #post-24 -->\n\t\t\t\t<\/div>\n\n\t\t\t\t\n\t\t<\/div>\n\t<\/div>\n\n\t\n\n\n<div class=\"wp-block-buttons is-content-justification-center is-layout-flex wp-container-core-buttons-is-layout-16018d1d wp-block-buttons-is-layout-flex\">\n<div class=\"wp-block-button\"><a class=\"wp-block-button__link wp-element-button\" href=\"https:\/\/intl.phonak.com\/sr-rs\/resenja\/proizvodi\/\">Svi proizvodi<\/a><\/div>\n<\/div>\n<\/div>\n\n\n\n<div class=\"wp-block-media-text is-stacked-on-mobile cta-block\" style=\"grid-template-columns:35% auto\"><figure class=\"wp-block-media-text__media\"><img decoding=\"async\" src=\"https:\/\/intl.phonak.com\/main-english\/wp-content\/uploads\/sites\/3\/2021\/11\/cta-image.jpg?w=401\" alt=\"\" class=\"wp-image-6738 size-full\"\/><\/figure><div class=\"wp-block-media-text__content\">\n<div class=\"wp-block-create-block-icon-selector\"><i class=\"fal fa-map-marker-alt\"><\/i><\/div>   \n<h3 class=\"wp-block-heading\">Sluh stru\u010dnjaka u va\u0161oj blizini<\/h3>   <p>Stru\u010dnjaci za slu\u0161nu negu mogu vam pomo\u0107i da napravite izbor koji je savr\u0161en za vas. Oni \u0107e razmotriti va\u0161e potrebe za sluhom, va\u0161 bud\u017eet, va\u0161 \u017eivotni stil i va\u0161e individualne preferencije sluha. <\/p>   <div class=\"wp-block-buttons is-layout-flex wp-block-buttons-is-layout-flex\">\n<div class=\"wp-block-button is-style-marker-green\"><a class=\"wp-block-button__link wp-element-button\" href=\"https:\/\/intl.phonak.com\/sr-rs\/pronadi-slusnog-alusticara\/\">Prona\u0111i slusnog alusticara<\/a><\/div>\n<\/div>\n<\/div><\/div> ","protected":false},"excerpt":{"rendered":"<p>Slu\u0161na re\u0161enja za decu i tinejd\u017eere Svako dete je jedinstveno, kao i njihove potrebe za slu\u0161anjem. Sa \u0161irokim spektrom slu\u0161nih&#8230;<\/p>\n","protected":false},"author":5,"featured_media":0,"parent":335,"menu_order":0,"comment_status":"closed","ping_status":"closed","template":"","meta":{"_acf_changed":false,"inline_featured_image":false,"footnotes":""},"class_list":["post-369","page","type-page","status-publish","hentry"],"acf":[],"yoast_head":"<!-- This site is optimized with the Yoast SEO plugin v26.9 - https:\/\/yoast.com\/product\/yoast-seo-wordpress\/ -->\n<title>Pedijatrijska re\u0161enja - Phonak - Srbija<\/title>\n<meta name=\"robots\" content=\"index, follow, max-snippet:-1, max-image-preview:large, max-video-preview:-1\" \/>\n<link rel=\"canonical\" href=\"https:\/\/intl.phonak.com\/main-english\/solutions\/pediatric-solutions\/\" \/>\n<meta property=\"og:locale\" content=\"sr_RS\" \/>\n<meta property=\"og:type\" content=\"article\" \/>\n<meta property=\"og:title\" content=\"Pedijatrijska re\u0161enja - Phonak - Srbija\" \/>\n<meta property=\"og:description\" content=\"Slu\u0161na re\u0161enja za decu i tinejd\u017eere Svako dete je jedinstveno, kao i njihove potrebe za slu\u0161anjem. Sa \u0161irokim spektrom slu\u0161nih...\" \/>\n<meta property=\"og:url\" content=\"https:\/\/intl.phonak.com\/sr-rs\/resenja\/pediatric-solutions\/\" \/>\n<meta property=\"og:site_name\" content=\"Phonak - Srbija\" \/>\n<meta property=\"article:modified_time\" content=\"2025-08-15T08:16:09+00:00\" \/>\n<meta name=\"twitter:card\" content=\"summary_large_image\" \/>\n<meta name=\"twitter:label1\" content=\"Est. reading time\" \/>\n\t<meta name=\"twitter:data1\" content=\"4 minutes\" \/>\n<script type=\"application\/ld+json\" class=\"yoast-schema-graph\">{\"@context\":\"https:\/\/schema.org\",\"@graph\":[{\"@type\":\"WebPage\",\"@id\":\"https:\/\/intl.phonak.com\/sr-rs\/resenja\/pediatric-solutions\/\",\"url\":\"https:\/\/intl.phonak.com\/sr-rs\/resenja\/pediatric-solutions\/\",\"name\":\"Pedijatrijska re\u0161enja - Phonak - Srbija\",\"isPartOf\":{\"@id\":\"https:\/\/intl.phonak.com\/sr-rs\/#website\"},\"primaryImageOfPage\":{\"@id\":\"https:\/\/intl.phonak.com\/sr-rs\/resenja\/pediatric-solutions\/#primaryimage\"},\"image\":{\"@id\":\"https:\/\/intl.phonak.com\/sr-rs\/resenja\/pediatric-solutions\/#primaryimage\"},\"thumbnailUrl\":\"https:\/\/intl.phonak.com\/sr-rs\/wp-content\/uploads\/sites\/3\/2023\/02\/PH_Pic_generic_kids_01.png\",\"datePublished\":\"2021-11-18T16:56:57+00:00\",\"dateModified\":\"2025-08-15T08:16:09+00:00\",\"breadcrumb\":{\"@id\":\"https:\/\/intl.phonak.com\/sr-rs\/resenja\/pediatric-solutions\/#breadcrumb\"},\"inLanguage\":\"sr-RS\",\"potentialAction\":[{\"@type\":\"ReadAction\",\"target\":[\"https:\/\/intl.phonak.com\/sr-rs\/resenja\/pediatric-solutions\/\"]}]},{\"@type\":\"ImageObject\",\"inLanguage\":\"sr-RS\",\"@id\":\"https:\/\/intl.phonak.com\/sr-rs\/resenja\/pediatric-solutions\/#primaryimage\",\"url\":\"\",\"contentUrl\":\"\"},{\"@type\":\"BreadcrumbList\",\"@id\":\"https:\/\/intl.phonak.com\/sr-rs\/resenja\/pediatric-solutions\/#breadcrumb\",\"itemListElement\":[{\"@type\":\"ListItem\",\"position\":1,\"name\":\"Home\",\"item\":\"https:\/\/intl.phonak.com\/sr-rs\/\"},{\"@type\":\"ListItem\",\"position\":2,\"name\":\"Re\u0161enja\",\"item\":\"https:\/\/intl.phonak.com\/sr-rs\/resenja\/\"},{\"@type\":\"ListItem\",\"position\":3,\"name\":\"Pedijatrijska re\u0161enja\"}]},{\"@type\":\"WebSite\",\"@id\":\"https:\/\/intl.phonak.com\/sr-rs\/#website\",\"url\":\"https:\/\/intl.phonak.com\/sr-rs\/\",\"name\":\"Phonak - Srbija\",\"description\":\"Posvec\u0301eni promeni \u017eivota\",\"publisher\":{\"@id\":\"https:\/\/intl.phonak.com\/sr-rs\/#organization\"},\"potentialAction\":[{\"@type\":\"SearchAction\",\"target\":{\"@type\":\"EntryPoint\",\"urlTemplate\":\"https:\/\/intl.phonak.com\/sr-rs\/?s={search_term_string}\"},\"query-input\":{\"@type\":\"PropertyValueSpecification\",\"valueRequired\":true,\"valueName\":\"search_term_string\"}}],\"inLanguage\":\"sr-RS\"},{\"@type\":\"Organization\",\"@id\":\"https:\/\/intl.phonak.com\/sr-rs\/#organization\",\"name\":\"Phonak - Srbija\",\"url\":\"https:\/\/intl.phonak.com\/sr-rs\/\",\"logo\":{\"@type\":\"ImageObject\",\"inLanguage\":\"sr-RS\",\"@id\":\"https:\/\/intl.phonak.com\/sr-rs\/#\/schema\/logo\/image\/\",\"url\":\"https:\/\/intl.phonak.com\/sr-rs\/wp-content\/uploads\/sites\/70\/2025\/07\/logo-phonak.svg\",\"contentUrl\":\"https:\/\/intl.phonak.com\/sr-rs\/wp-content\/uploads\/sites\/70\/2025\/07\/logo-phonak.svg\",\"caption\":\"Phonak - Srbija\"},\"image\":{\"@id\":\"https:\/\/intl.phonak.com\/sr-rs\/#\/schema\/logo\/image\/\"}}]}<\/script>\n<!-- \/ Yoast SEO plugin. -->","yoast_head_json":{"title":"Pedijatrijska re\u0161enja - Phonak - Srbija","robots":{"index":"index","follow":"follow","max-snippet":"max-snippet:-1","max-image-preview":"max-image-preview:large","max-video-preview":"max-video-preview:-1"},"canonical":"https:\/\/intl.phonak.com\/main-english\/solutions\/pediatric-solutions\/","og_locale":"sr_RS","og_type":"article","og_title":"Pedijatrijska re\u0161enja - Phonak - Srbija","og_description":"Slu\u0161na re\u0161enja za decu i tinejd\u017eere Svako dete je jedinstveno, kao i njihove potrebe za slu\u0161anjem. Sa \u0161irokim spektrom slu\u0161nih...","og_url":"https:\/\/intl.phonak.com\/sr-rs\/resenja\/pediatric-solutions\/","og_site_name":"Phonak - Srbija","article_modified_time":"2025-08-15T08:16:09+00:00","twitter_card":"summary_large_image","twitter_misc":{"Est. reading time":"4 minutes"},"schema":{"@context":"https:\/\/schema.org","@graph":[{"@type":"WebPage","@id":"https:\/\/intl.phonak.com\/sr-rs\/resenja\/pediatric-solutions\/","url":"https:\/\/intl.phonak.com\/sr-rs\/resenja\/pediatric-solutions\/","name":"Pedijatrijska re\u0161enja - Phonak - Srbija","isPartOf":{"@id":"https:\/\/intl.phonak.com\/sr-rs\/#website"},"primaryImageOfPage":{"@id":"https:\/\/intl.phonak.com\/sr-rs\/resenja\/pediatric-solutions\/#primaryimage"},"image":{"@id":"https:\/\/intl.phonak.com\/sr-rs\/resenja\/pediatric-solutions\/#primaryimage"},"thumbnailUrl":"https:\/\/intl.phonak.com\/sr-rs\/wp-content\/uploads\/sites\/3\/2023\/02\/PH_Pic_generic_kids_01.png","datePublished":"2021-11-18T16:56:57+00:00","dateModified":"2025-08-15T08:16:09+00:00","breadcrumb":{"@id":"https:\/\/intl.phonak.com\/sr-rs\/resenja\/pediatric-solutions\/#breadcrumb"},"inLanguage":"sr-RS","potentialAction":[{"@type":"ReadAction","target":["https:\/\/intl.phonak.com\/sr-rs\/resenja\/pediatric-solutions\/"]}]},{"@type":"ImageObject","inLanguage":"sr-RS","@id":"https:\/\/intl.phonak.com\/sr-rs\/resenja\/pediatric-solutions\/#primaryimage","url":"","contentUrl":""},{"@type":"BreadcrumbList","@id":"https:\/\/intl.phonak.com\/sr-rs\/resenja\/pediatric-solutions\/#breadcrumb","itemListElement":[{"@type":"ListItem","position":1,"name":"Home","item":"https:\/\/intl.phonak.com\/sr-rs\/"},{"@type":"ListItem","position":2,"name":"Re\u0161enja","item":"https:\/\/intl.phonak.com\/sr-rs\/resenja\/"},{"@type":"ListItem","position":3,"name":"Pedijatrijska re\u0161enja"}]},{"@type":"WebSite","@id":"https:\/\/intl.phonak.com\/sr-rs\/#website","url":"https:\/\/intl.phonak.com\/sr-rs\/","name":"Phonak - Srbija","description":"Posvec\u0301eni promeni \u017eivota","publisher":{"@id":"https:\/\/intl.phonak.com\/sr-rs\/#organization"},"potentialAction":[{"@type":"SearchAction","target":{"@type":"EntryPoint","urlTemplate":"https:\/\/intl.phonak.com\/sr-rs\/?s={search_term_string}"},"query-input":{"@type":"PropertyValueSpecification","valueRequired":true,"valueName":"search_term_string"}}],"inLanguage":"sr-RS"},{"@type":"Organization","@id":"https:\/\/intl.phonak.com\/sr-rs\/#organization","name":"Phonak - Srbija","url":"https:\/\/intl.phonak.com\/sr-rs\/","logo":{"@type":"ImageObject","inLanguage":"sr-RS","@id":"https:\/\/intl.phonak.com\/sr-rs\/#\/schema\/logo\/image\/","url":"https:\/\/intl.phonak.com\/sr-rs\/wp-content\/uploads\/sites\/70\/2025\/07\/logo-phonak.svg","contentUrl":"https:\/\/intl.phonak.com\/sr-rs\/wp-content\/uploads\/sites\/70\/2025\/07\/logo-phonak.svg","caption":"Phonak - Srbija"},"image":{"@id":"https:\/\/intl.phonak.com\/sr-rs\/#\/schema\/logo\/image\/"}}]}},"jetpack_sharing_enabled":true,"distributor_meta":false,"distributor_terms":false,"distributor_media":false,"distributor_original_site_name":"Phonak - Srbija","distributor_original_site_url":"https:\/\/intl.phonak.com\/sr-rs","push-errors":false,"_links":{"self":[{"href":"https:\/\/intl.phonak.com\/sr-rs\/wp-json\/wp\/v2\/pages\/369","targetHints":{"allow":["GET"]}}],"collection":[{"href":"https:\/\/intl.phonak.com\/sr-rs\/wp-json\/wp\/v2\/pages"}],"about":[{"href":"https:\/\/intl.phonak.com\/sr-rs\/wp-json\/wp\/v2\/types\/page"}],"author":[{"embeddable":true,"href":"https:\/\/intl.phonak.com\/sr-rs\/wp-json\/wp\/v2\/users\/5"}],"replies":[{"embeddable":true,"href":"https:\/\/intl.phonak.com\/sr-rs\/wp-json\/wp\/v2\/comments?post=369"}],"version-history":[{"count":14,"href":"https:\/\/intl.phonak.com\/sr-rs\/wp-json\/wp\/v2\/pages\/369\/revisions"}],"predecessor-version":[{"id":844,"href":"https:\/\/intl.phonak.com\/sr-rs\/wp-json\/wp\/v2\/pages\/369\/revisions\/844"}],"up":[{"embeddable":true,"href":"https:\/\/intl.phonak.com\/sr-rs\/wp-json\/wp\/v2\/pages\/335"}],"wp:attachment":[{"href":"https:\/\/intl.phonak.com\/sr-rs\/wp-json\/wp\/v2\/media?parent=369"}],"curies":[{"name":"wp","href":"https:\/\/api.w.org\/{rel}","templated":true}]}}