{"id":476,"date":"2021-11-18T16:56:57","date_gmt":"2021-11-18T16:56:57","guid":{"rendered":"https:\/\/intl.phonak.com\/sk-sk\/pediatric-solutions\/"},"modified":"2025-12-08T15:54:47","modified_gmt":"2025-12-08T15:54:47","slug":"pre-deti","status":"publish","type":"page","link":"https:\/\/intl.phonak.com\/sk-sk\/riesenie\/pre-deti\/","title":{"rendered":"Rie\u0161enia pre deti"},"content":{"rendered":"\n<div class=\"wp-block-cover alignfull is-light\"><img decoding=\"async\" class=\"wp-block-cover__image-background wp-image-6552\" alt=\"\" src=\"https:\/\/intl.phonak.com\/sk-sk\/wp-content\/uploads\/sites\/3\/2023\/02\/PH_Pic_generic_kids_01.png\" data-object-fit=\"cover\"\/><span aria-hidden=\"true\" class=\"wp-block-cover__background has-white-background-color has-background-dim-70 has-background-dim\"><\/span><div class=\"wp-block-cover__inner-container is-layout-flow wp-block-cover-is-layout-flow\">\n<h1 class=\"wp-block-heading has-text-align-center has-dark-grey-color has-text-color\" id=\"discover-your-child-s-hearing\">Zistite viac o\u00a0sluchu v\u00e1\u0161ho die\u0165a\u0165a<\/h1>\n\n\n\n<p class=\"has-text-align-center has-dark-grey-color has-text-color has-lead-font-size\">Detsk\u00e9 na\u010d\u00favacie pr\u00edstroje pre ka\u017ed\u00fa vekov\u00fa kateg\u00f3riu<\/p>\n<\/div><\/div>\n\n\n\n<div style=\"height:21px\" aria-hidden=\"true\" class=\"wp-block-spacer\"><\/div>\n\n\n\n<h2 class=\"wp-block-heading has-text-align-center\">Posluchov\u00e9 rie\u0161enia pre deti a\u00a0t\u00edned\u017eerov<\/h2>\n\n\n\n<p class=\"has-text-align-center is-style-default\">Ka\u017ed\u00e9 die\u0165a je jedine\u010dn\u00e9, rovnako ako jeho sluchov\u00e9 potreby. So \u0161irokou \u0161k\u00e1lou na\u010d\u00favac\u00edch pr\u00edstrojov Phonak a\u00a0pr\u00edslu\u0161enstva pre bezdr\u00f4tov\u00fa komunik\u00e1ciu m\u00e1me technologick\u00e9 rie\u0161enie pre die\u0165a v\u00a0ka\u017edom veku.<\/p>\n\n\n\n<p class=\"has-text-align-center\">Zaistenie pr\u00edstupu k\u00a0\u0161irokej \u0161k\u00e1le slov a\u00a0bohatej konverz\u00e1cii je pre v\u00fdvoj die\u0165a\u0165a a\u00a0teenagera \u00faplne z\u00e1sadn\u00e9. Rozhovory s\u00a0bl\u00edzkymi osobami \u2013 \u010di u\u017e pri ve\u010deri, vonku alebo v\u00a0aute \u2013 patria k\u00a0najz\u00e1sadnej\u0161\u00edm ingredienci\u00e1m jazykov\u00e9ho v\u00fdvoja.<\/p>\n\n\n\n<p class=\"has-text-align-center\">Vytvorenie jazykovo bohat\u00e9ho prostredia pre deti so stratou sluchu znamen\u00e1 maximalizova\u0165 ka\u017ed\u00fa pr\u00edle\u017eitos\u0165 na interakciu a\u00a0na\u010d\u00favacie pr\u00edstroje \u0161pecificky ur\u010den\u00e9 pre deti, ktor\u00e9 s\u00fa navrhnut\u00e9 pre pohodln\u00e9 nosenie po cel\u00fd de\u0148, pom\u00e1haj\u00fa de\u0165om a\u00a0t\u00edned\u017eerom so stratou sluchu vy\u0165a\u017ei\u0165 maximum z\u00a0obojstrannej interakcie s\u00a0okol\u00edm, ktor\u00fa maj\u00fa k\u00a0dispoz\u00edcii v\u00a0pr\u00fade neust\u00e1le sa meniacich situ\u00e1ci\u00ed.<\/p>\n\n\n\n<div style=\"height:53px\" aria-hidden=\"true\" class=\"wp-block-spacer\"><\/div>\n\n\n\n<div class=\"wp-block-media-text has-media-on-the-right is-stacked-on-mobile\"><div class=\"wp-block-media-text__content\">\n<h3 class=\"wp-block-heading has-blue-color has-text-color\">Doj\u010dat\u00e1 a\u00a0bato\u013eat\u00e1<\/h3>\n\n\n\n<p>Pre deti v\u00a0tejto vekovej skupine je nevyhnutn\u00e9 \u010do najviac stimulova\u0165 sluch. Preto by mali na\u010d\u00favacie pr\u00edstroje nosi\u0165 po cel\u00fd de\u0148. Doj\u010dat\u00e1 a\u00a0bato\u013eat\u00e1 zvy\u010dajne nosia z\u00e1vesn\u00e9 na\u010d\u00favacie pr\u00edstroje, preto\u017ee poskytuj\u00fa najlep\u0161\u00ed komfort, stabilitu a\u00a0s\u00fa vybaven\u00e9 bezpe\u010dnostn\u00fdmi prvkami pre t\u00fato vekov\u00fa skupinu.<\/p>\n\n\n\n<h5 class=\"wp-block-heading\">Vy\u0161etrenie sluchu u\u00a0det\u00ed<\/h5>\n\n\n\n<p>Sluch novorodencov je mo\u017en\u00e9 testova\u0165 kr\u00e1tko po ich naroden\u00ed. \u010c\u00edm sk\u00f4r je strata sluchu odhalen\u00e1, t\u00fdm sk\u00f4r je mo\u017en\u00e9 vhodnou kompenz\u00e1ciou zasiahnu\u0165, \u010do je k\u013e\u00fa\u010dov\u00e9 pre rozvoj re\u010di a\u00a0jazyka v\u00e1\u0161ho die\u0165a\u0165a.<\/p>\n<\/div><figure class=\"wp-block-media-text__media\"><img decoding=\"async\" src=\"https:\/\/intl.phonak.com\/sk-sk\/wp-content\/uploads\/sites\/3\/2023\/12\/Visual_Sky-L-PR_ChildAndMomExhibitionBackdropCropped.jpg?w=592\" alt=\"Mom and daughter \" class=\"wp-image-7305 size-full\"\/><\/figure><\/div>\n\n\n\n<div class=\"wp-block-media-text is-stacked-on-mobile\"><figure class=\"wp-block-media-text__media\"><img decoding=\"async\" src=\"https:\/\/intl.phonak.com\/sk-sk\/wp-content\/uploads\/sites\/3\/2023\/12\/Visual_Sky-L-UP_Kid.jpg?w=592\" alt=\"Kids\" class=\"wp-image-7308 size-full\"\/><\/figure><div class=\"wp-block-media-text__content\">\n<h3 class=\"wp-block-heading has-blue-color has-text-color\">\u0160kol\u00e1ci<\/h3>\n\n\n\n<p>Deti sa v\u00a0tomto veku za\u010d\u00ednaj\u00fa viac osamostat\u0148ova\u0165 a\u00a0s\u00fa vystavovan\u00e9 zlo\u017eitej\u0161\u00edm komunika\u010dn\u00fdm situ\u00e1ci\u00e1m. Aby va\u0161e die\u0165a lep\u0161ie rozumelo u\u010dite\u013eovi alebo v\u00e1s po\u010dulo, ke\u010f na\u0148 vol\u00e1te, m\u00f4\u017eete vyu\u017ei\u0165 \u0161peci\u00e1lne bezdr\u00f4tov\u00e9 komunika\u010dn\u00e9 zariadenia. Mo\u017enos\u0165 v\u00fdberu r\u00f4znofarebn\u00fdch kombin\u00e1ci\u00ed v\u00e1\u0161mu die\u0165a\u0165u nosenie na\u010d\u00favac\u00edch pr\u00edstrojov spr\u00edjemn\u00ed.<\/p>\n<\/div><\/div>\n\n\n\n<div class=\"wp-block-media-text has-media-on-the-right is-stacked-on-mobile\"><div class=\"wp-block-media-text__content\">\n<h3 class=\"wp-block-heading has-blue-color has-text-color\">T\u00edned\u017eeri<\/h3>\n\n\n\n<p>V\u00e1\u0161 t\u00edned\u017eer chce by\u0165 ako ka\u017ed\u00fd in\u00fd t\u00edned\u017eer: \u0161portova\u0165, po\u010d\u00fava\u0165 hudbu, tr\u00e1vi\u0165 \u010das s\u00a0kamar\u00e1tmi, ukazova\u0165 svoju jedine\u010dnos\u0165 prostredn\u00edctvom m\u00f3dy alebo \u00fa\u010desu a\u00a0pod. To v\u0161etko m\u00f4\u017ee va\u0161e dospievaj\u00face die\u0165a robi\u0165 v\u010faka bezdr\u00f4tov\u00e9mu pr\u00edslu\u0161enstvu, ktor\u00e9 prepoj\u00ed na\u010d\u00favacie pr\u00edstroje s\u00a0mp3 prehr\u00e1va\u010dom, mobilom, tabletom alebo telev\u00edziou. V\u010faka nemu \u013eahko za\u010duje tr\u00e9nera alebo kamar\u00e1tov, dokonca aj na dia\u013eku alebo v\u00a0hlu\u010dnom prostred\u00ed.<\/p>\n<\/div><figure class=\"wp-block-media-text__media\"><img decoding=\"async\" src=\"https:\/\/intl.phonak.com\/sk-sk\/wp-content\/uploads\/sites\/3\/2023\/12\/Visual_Audeo-L-RL_Teen-1-1-Converstations-in-Loud-1.jpg?w=592\" alt=\"Teenagers\" class=\"wp-image-7310 size-full\"\/><\/figure><\/div>\n\n\n\n<div style=\"height:39px\" aria-hidden=\"true\" class=\"wp-block-spacer\"><\/div>\n\n\n\n<div class=\"wp-block-media-text is-stacked-on-mobile\"><figure class=\"wp-block-media-text__media\"><img decoding=\"async\" src=\"https:\/\/intl.phonak.com\/sk-sk\/wp-content\/uploads\/sites\/3\/2022\/03\/Roger-Ped-accessories-RGB.jpg?w=1024\" alt=\"\" class=\"wp-image-5309 size-full\"\/><\/figure><div class=\"wp-block-media-text__content\">\n<h3 class=\"wp-block-heading has-blue-color has-text-color\" id=\"meet-roger\">Zozn\u00e1mte sa s\u00a0Rogerom pre modern\u00fa v\u00fdu\u010dbu<\/h3>\n\n\n\n<p>Mnoho situ\u00e1ci\u00ed predstavuje pre po\u010d\u00favanie ve\u013ek\u00fa v\u00fdzvu, a\u00a0preto aj tie najmodernej\u0161ie na\u010d\u00favacie pr\u00edstroje niekedy vy\u017eaduj\u00fa \u010fal\u0161iu podporu. S\u00a0na\u0161\u00edm bezdr\u00f4tov\u00fdm pr\u00edslu\u0161enstvom sa va\u0161e die\u0165a jednoducho pripoj\u00ed k\u00a0modern\u00fdm technol\u00f3gi\u00e1m, ako s\u00fa smartf\u00f3ny, zariadenia s\u00a0Bluetooth\u00ae, MP3 prehr\u00e1va\u010de alebo telev\u00edzory, a\u00a0m\u00f4\u017ee tak \u013eah\u0161ie komunikova\u0165.<\/p>\n\n\n\n<p><a href=\"https:\/\/intl.phonak.com\/sk-sk\/riesenie\/roger-do-skoly\/\">Pre\u010d\u00edtajte si viac o\u00a0zariadeniach Roger pre modern\u00fa v\u00fdu\u010dbu<\/a><\/p>\n<\/div><\/div>\n\n\n\n<div class=\"wp-block-group alignfull has-light-grey-background-color has-background is-layout-flow wp-block-group-is-layout-flow\">\n\t<div class=\"wp-block-pho-product-selection \">\n\t\t<div class=\"grid-x grid-padding-x grid-padding-y\">\n\n\t\t\t\n\t\t\t\t<div class=\"cell medium-6 large-4 flex-container\">\n\t\t\t\t\t\n<article id=\"post-37\" class=\"product-card post-37 pho_products type-pho_products status-publish has-post-thumbnail hentry pho_product_type-deti-a-tinedzeri pho_product_type-vykonne-riesenie pho_product_category-deti pho_product_category-nacuvacie-pristroje pho_product_platforms-lumity\">\n\t\t<a class=\"flex-container flex-dir-column align-justify align-top\" href=\"https:\/\/intl.phonak.com\/sk-sk\/produkty\/phonak-sky-lumity\/\">\n\t\t<div class=\"product-card-content-wrapper\">\n\t\t\t\n\t\t\t\t<div class=\"product-image-wrapper\">\n\t\t\t\t\t<img loading=\"lazy\" decoding=\"async\" width=\"600\" height=\"600\" src=\"https:\/\/intl.phonak.com\/sk-sk\/wp-content\/uploads\/sites\/64\/2025\/06\/PH_Packshot_Love-Sky-L-Hook_M8-1.png?w=600\" class=\"attachment-post-thumbnail size-post-thumbnail wp-post-image\" alt=\"Phonak Sky Lumity\" srcset=\"https:\/\/intl.phonak.com\/sk-sk\/wp-content\/uploads\/sites\/64\/2025\/06\/PH_Packshot_Love-Sky-L-Hook_M8-1.png 600w, https:\/\/intl.phonak.com\/sk-sk\/wp-content\/uploads\/sites\/64\/2025\/06\/PH_Packshot_Love-Sky-L-Hook_M8-1.png?resize=150,150 150w, https:\/\/intl.phonak.com\/sk-sk\/wp-content\/uploads\/sites\/64\/2025\/06\/PH_Packshot_Love-Sky-L-Hook_M8-1.png?resize=300,300 300w\" sizes=\"auto, (max-width: 600px) 100vw, 600px\" \/>\t\t\t\t<\/div>\n\n\t\t\t\t<h3 class=\"entry-title\">Phonak Sky\u2122 Lumity<\/h3><p>Na\u010d\u00favacie pr\u00edstroje pre deti vybaven\u00e9 najnov\u0161ou technol\u00f3giou Lumity. Pon\u00faka \u0161irok\u00fa \u0161k\u00e1lu farebn\u00fdch kombin\u00e1ci\u00ed pre deti, ktor\u00e9 pod\u010diarknu ich osobnos\u0165.<\/p>\n\t\t<\/div>\n\t\t<div class=\"wp-block-button\">\n\t\t\t<div class=\"wp-block-button__link\">\u010c\u00edta\u0165 \u010falej<\/div>\n\t\t<\/div>\n\t<\/a>\n<\/article><!-- #post-37 -->\n\t\t\t\t<\/div>\n\n\t\t\t\t\n\t\t\t\t<div class=\"cell medium-6 large-4 flex-container\">\n\t\t\t\t\t\n<article id=\"post-13\" class=\"product-card post-13 pho_products type-pho_products status-publish has-post-thumbnail hentry pho_product_type-prvopouzivatel pho_product_category-nacuvacie-pristroje pho_product_platforms-infinio\">\n\t\t<a class=\"flex-container flex-dir-column align-justify align-top\" href=\"https:\/\/intl.phonak.com\/sk-sk\/produkty\/phonak-audeo-infinio\/\">\n\t\t<div class=\"product-card-content-wrapper\">\n\t\t\t\n\t\t\t\t<div class=\"product-image-wrapper\">\n\t\t\t\t\t<img loading=\"lazy\" decoding=\"async\" width=\"1024\" height=\"1024\" src=\"https:\/\/intl.phonak.com\/sk-sk\/wp-content\/uploads\/sites\/64\/2026\/02\/PH_Packshot_Audeo-I-RUltra-transparentIntl_1080x1080.png?w=1024\" class=\"attachment-post-thumbnail size-post-thumbnail wp-post-image\" alt=\"\" srcset=\"https:\/\/intl.phonak.com\/sk-sk\/wp-content\/uploads\/sites\/64\/2026\/02\/PH_Packshot_Audeo-I-RUltra-transparentIntl_1080x1080.png 4500w, https:\/\/intl.phonak.com\/sk-sk\/wp-content\/uploads\/sites\/64\/2026\/02\/PH_Packshot_Audeo-I-RUltra-transparentIntl_1080x1080.png?resize=150,150 150w, https:\/\/intl.phonak.com\/sk-sk\/wp-content\/uploads\/sites\/64\/2026\/02\/PH_Packshot_Audeo-I-RUltra-transparentIntl_1080x1080.png?resize=300,300 300w, https:\/\/intl.phonak.com\/sk-sk\/wp-content\/uploads\/sites\/64\/2026\/02\/PH_Packshot_Audeo-I-RUltra-transparentIntl_1080x1080.png?resize=768,768 768w, https:\/\/intl.phonak.com\/sk-sk\/wp-content\/uploads\/sites\/64\/2026\/02\/PH_Packshot_Audeo-I-RUltra-transparentIntl_1080x1080.png?resize=1024,1024 1024w, https:\/\/intl.phonak.com\/sk-sk\/wp-content\/uploads\/sites\/64\/2026\/02\/PH_Packshot_Audeo-I-RUltra-transparentIntl_1080x1080.png?resize=1536,1536 1536w, https:\/\/intl.phonak.com\/sk-sk\/wp-content\/uploads\/sites\/64\/2026\/02\/PH_Packshot_Audeo-I-RUltra-transparentIntl_1080x1080.png?resize=2048,2048 2048w\" sizes=\"auto, (max-width: 1024px) 100vw, 1024px\" \/>\t\t\t\t<\/div>\n\n\t\t\t\t<h3 class=\"entry-title\">Phonak Aud\u00e9o\u2122 Infinio<\/h3><p>Pre\u017eite ka\u017ed\u00fd okamih s\u00a0v\u00fdnimo\u010dnou kvalitou zvuku a\u00a0komfortu od prv\u00e9ho momentu pou\u017eitia na\u010d\u00favac\u00edch pr\u00edstrojov Aud\u00e9o Infinio. <\/p>\n\t\t<\/div>\n\t\t<div class=\"wp-block-button\">\n\t\t\t<div class=\"wp-block-button__link\">\u010c\u00edta\u0165 \u010falej<\/div>\n\t\t<\/div>\n\t<\/a>\n<\/article><!-- #post-13 -->\n\t\t\t\t<\/div>\n\n\t\t\t\t\n\t\t\t\t<div class=\"cell medium-6 large-4 flex-container\">\n\t\t\t\t\t\n<article id=\"post-17\" class=\"product-card post-17 pho_products type-pho_products status-publish has-post-thumbnail hentry pho_product_type-jednostranna-hluchota pho_product_category-nacuvacie-pristroje pho_product_platforms-infinio\">\n\t\t<a class=\"flex-container flex-dir-column align-justify align-top\" href=\"https:\/\/intl.phonak.com\/sk-sk\/produkty\/phonak-cros-infinio\/\">\n\t\t<div class=\"product-card-content-wrapper\">\n\t\t\t\n\t\t\t\t<div class=\"product-image-wrapper\">\n\t\t\t\t\t<img loading=\"lazy\" decoding=\"async\" width=\"600\" height=\"600\" src=\"https:\/\/intl.phonak.com\/sk-sk\/wp-content\/uploads\/sites\/64\/2024\/10\/PH_Packshot_CROS-I-R_050-1043-P5.png?w=600\" class=\"attachment-post-thumbnail size-post-thumbnail wp-post-image\" alt=\"Phonak CROS Infinio\" srcset=\"https:\/\/intl.phonak.com\/sk-sk\/wp-content\/uploads\/sites\/64\/2024\/10\/PH_Packshot_CROS-I-R_050-1043-P5.png 600w, https:\/\/intl.phonak.com\/sk-sk\/wp-content\/uploads\/sites\/64\/2024\/10\/PH_Packshot_CROS-I-R_050-1043-P5.png?resize=150,150 150w, https:\/\/intl.phonak.com\/sk-sk\/wp-content\/uploads\/sites\/64\/2024\/10\/PH_Packshot_CROS-I-R_050-1043-P5.png?resize=300,300 300w\" sizes=\"auto, (max-width: 600px) 100vw, 600px\" \/>\t\t\t\t<\/div>\n\n\t\t\t\t<h3 class=\"entry-title\">Phonak CROS Infinio<\/h3><p>Na\u0161e rie\u0161enie na platforme Infinio pre osoby s\u00a0jednostrannou hluchotou<\/p>\n\t\t<\/div>\n\t\t<div class=\"wp-block-button\">\n\t\t\t<div class=\"wp-block-button__link\">\u010c\u00edta\u0165 \u010falej<\/div>\n\t\t<\/div>\n\t<\/a>\n<\/article><!-- #post-17 -->\n\t\t\t\t<\/div>\n\n\t\t\t\t\n\t\t<\/div>\n\t<\/div>\n\n\t\n\n\n<div class=\"wp-block-buttons is-content-justification-center is-layout-flex wp-container-core-buttons-is-layout-16018d1d wp-block-buttons-is-layout-flex\">\n<div class=\"wp-block-button\"><a class=\"wp-block-button__link wp-element-button\" href=\"https:\/\/intl.phonak.com\/sk-sk\/riesenie\/produkty\/\">V\u0161etky produkty<\/a><\/div>\n<\/div>\n<\/div>\n\n\n\n<div class=\"wp-block-media-text is-stacked-on-mobile cta-block\" style=\"grid-template-columns:35% auto\"><figure class=\"wp-block-media-text__media\"><img decoding=\"async\" src=\"https:\/\/intl.phonak.com\/main-english\/wp-content\/uploads\/sites\/3\/2021\/11\/cta-image.jpg?w=401\" alt=\"\" class=\"wp-image-6738 size-full\"\/><\/figure><div class=\"wp-block-media-text__content\">\n<div class=\"wp-block-create-block-icon-selector\"><i class=\"fal fa-map-marker-alt\"><\/i><\/div>   \n<h3 class=\"wp-block-heading\">Odborn\u00edci vo va\u0161ej bl\u00edzkosti<\/h3>   <p>Vami vybran\u00fd odborn\u00edk v\u00e1m pom\u00f4\u017ee urobi\u0165 v\u00fdber, ktor\u00fd je pre v\u00e1s ide\u00e1lny. Zoh\u013eadn\u00ed va\u0161e sluchov\u00e9 potreby, finan\u010dn\u00e9 mo\u017enosti, \u017eivotn\u00fd \u0161t\u00fdl a\u00a0individu\u00e1lne posluchov\u00e9 preferencie. <\/p>   <div class=\"wp-block-buttons is-layout-flex wp-block-buttons-is-layout-flex\">\n<div class=\"wp-block-button is-style-marker-green\"><a class=\"wp-block-button__link wp-element-button\" href=\"https:\/\/intl.phonak.com\/sk-sk\/najst-odbornika\/\">Vyh\u013eada\u0165 odborn\u00edka<\/a><\/div>\n<\/div>\n<\/div><\/div> ","protected":false},"excerpt":{"rendered":"<p>Posluchov\u00e9 rie\u0161enia pre deti a\u00a0t\u00edned\u017eerov Ka\u017ed\u00e9 die\u0165a je jedine\u010dn\u00e9, rovnako ako jeho sluchov\u00e9 potreby. So \u0161irokou \u0161k\u00e1lou na\u010d\u00favac\u00edch pr\u00edstrojov Phonak&#8230;<\/p>\n","protected":false},"author":5,"featured_media":0,"parent":436,"menu_order":0,"comment_status":"closed","ping_status":"closed","template":"","meta":{"_acf_changed":false,"inline_featured_image":false,"footnotes":""},"class_list":["post-476","page","type-page","status-publish","hentry"],"acf":[],"yoast_head":"<!-- This site is optimized with the Yoast SEO plugin v26.9 - https:\/\/yoast.com\/product\/yoast-seo-wordpress\/ -->\n<title>Rie\u0161enia pre deti - Phonak - Slovensko<\/title>\n<meta name=\"robots\" content=\"index, follow, max-snippet:-1, max-image-preview:large, max-video-preview:-1\" \/>\n<link rel=\"canonical\" href=\"https:\/\/intl.phonak.com\/main-english\/solutions\/pediatric-solutions\/\" \/>\n<meta property=\"og:locale\" content=\"sk_SK\" \/>\n<meta property=\"og:type\" content=\"article\" \/>\n<meta property=\"og:title\" content=\"Rie\u0161enia pre deti - Phonak - Slovensko\" \/>\n<meta property=\"og:description\" content=\"Posluchov\u00e9 rie\u0161enia pre deti a\u00a0t\u00edned\u017eerov Ka\u017ed\u00e9 die\u0165a je jedine\u010dn\u00e9, rovnako ako jeho sluchov\u00e9 potreby. So \u0161irokou \u0161k\u00e1lou na\u010d\u00favac\u00edch pr\u00edstrojov Phonak...\" \/>\n<meta property=\"og:url\" content=\"https:\/\/intl.phonak.com\/sk-sk\/riesenie\/pre-deti\/\" \/>\n<meta property=\"og:site_name\" content=\"Phonak - Slovensko\" \/>\n<meta property=\"article:modified_time\" content=\"2025-12-08T15:54:47+00:00\" \/>\n<meta name=\"twitter:card\" content=\"summary_large_image\" \/>\n<meta name=\"twitter:label1\" content=\"Est. reading time\" \/>\n\t<meta name=\"twitter:data1\" content=\"4 minutes\" \/>\n<script type=\"application\/ld+json\" class=\"yoast-schema-graph\">{\"@context\":\"https:\/\/schema.org\",\"@graph\":[{\"@type\":\"WebPage\",\"@id\":\"https:\/\/intl.phonak.com\/sk-sk\/riesenie\/pre-deti\/\",\"url\":\"https:\/\/intl.phonak.com\/sk-sk\/riesenie\/pre-deti\/\",\"name\":\"Rie\u0161enia pre deti - Phonak - Slovensko\",\"isPartOf\":{\"@id\":\"https:\/\/intl.phonak.com\/sk-sk\/#website\"},\"primaryImageOfPage\":{\"@id\":\"https:\/\/intl.phonak.com\/sk-sk\/riesenie\/pre-deti\/#primaryimage\"},\"image\":{\"@id\":\"https:\/\/intl.phonak.com\/sk-sk\/riesenie\/pre-deti\/#primaryimage\"},\"thumbnailUrl\":\"https:\/\/intl.phonak.com\/sk-sk\/wp-content\/uploads\/sites\/3\/2023\/02\/PH_Pic_generic_kids_01.png\",\"datePublished\":\"2021-11-18T16:56:57+00:00\",\"dateModified\":\"2025-12-08T15:54:47+00:00\",\"breadcrumb\":{\"@id\":\"https:\/\/intl.phonak.com\/sk-sk\/riesenie\/pre-deti\/#breadcrumb\"},\"inLanguage\":\"sk-SK\",\"potentialAction\":[{\"@type\":\"ReadAction\",\"target\":[\"https:\/\/intl.phonak.com\/sk-sk\/riesenie\/pre-deti\/\"]}]},{\"@type\":\"ImageObject\",\"inLanguage\":\"sk-SK\",\"@id\":\"https:\/\/intl.phonak.com\/sk-sk\/riesenie\/pre-deti\/#primaryimage\",\"url\":\"\",\"contentUrl\":\"\"},{\"@type\":\"BreadcrumbList\",\"@id\":\"https:\/\/intl.phonak.com\/sk-sk\/riesenie\/pre-deti\/#breadcrumb\",\"itemListElement\":[{\"@type\":\"ListItem\",\"position\":1,\"name\":\"Home\",\"item\":\"https:\/\/intl.phonak.com\/sk-sk\/\"},{\"@type\":\"ListItem\",\"position\":2,\"name\":\"Rie\u0161enia\",\"item\":\"https:\/\/intl.phonak.com\/sk-sk\/riesenie\/\"},{\"@type\":\"ListItem\",\"position\":3,\"name\":\"Rie\u0161enia pre deti\"}]},{\"@type\":\"WebSite\",\"@id\":\"https:\/\/intl.phonak.com\/sk-sk\/#website\",\"url\":\"https:\/\/intl.phonak.com\/sk-sk\/\",\"name\":\"Phonak - Slovensko\",\"description\":\"Odhodlan\u00ed meni\u0165 \u017eivoty\",\"publisher\":{\"@id\":\"https:\/\/intl.phonak.com\/sk-sk\/#organization\"},\"potentialAction\":[{\"@type\":\"SearchAction\",\"target\":{\"@type\":\"EntryPoint\",\"urlTemplate\":\"https:\/\/intl.phonak.com\/sk-sk\/?s={search_term_string}\"},\"query-input\":{\"@type\":\"PropertyValueSpecification\",\"valueRequired\":true,\"valueName\":\"search_term_string\"}}],\"inLanguage\":\"sk-SK\"},{\"@type\":\"Organization\",\"@id\":\"https:\/\/intl.phonak.com\/sk-sk\/#organization\",\"name\":\"Phonak - Slovensko\",\"url\":\"https:\/\/intl.phonak.com\/sk-sk\/\",\"logo\":{\"@type\":\"ImageObject\",\"inLanguage\":\"sk-SK\",\"@id\":\"https:\/\/intl.phonak.com\/sk-sk\/#\/schema\/logo\/image\/\",\"url\":\"https:\/\/intl.phonak.com\/sk-sk\/wp-content\/uploads\/sites\/64\/2025\/06\/logo-phonak.svg\",\"contentUrl\":\"https:\/\/intl.phonak.com\/sk-sk\/wp-content\/uploads\/sites\/64\/2025\/06\/logo-phonak.svg\",\"caption\":\"Phonak - Slovensko\"},\"image\":{\"@id\":\"https:\/\/intl.phonak.com\/sk-sk\/#\/schema\/logo\/image\/\"}}]}<\/script>\n<!-- \/ Yoast SEO plugin. -->","yoast_head_json":{"title":"Rie\u0161enia pre deti - Phonak - Slovensko","robots":{"index":"index","follow":"follow","max-snippet":"max-snippet:-1","max-image-preview":"max-image-preview:large","max-video-preview":"max-video-preview:-1"},"canonical":"https:\/\/intl.phonak.com\/main-english\/solutions\/pediatric-solutions\/","og_locale":"sk_SK","og_type":"article","og_title":"Rie\u0161enia pre deti - Phonak - Slovensko","og_description":"Posluchov\u00e9 rie\u0161enia pre deti a\u00a0t\u00edned\u017eerov Ka\u017ed\u00e9 die\u0165a je jedine\u010dn\u00e9, rovnako ako jeho sluchov\u00e9 potreby. So \u0161irokou \u0161k\u00e1lou na\u010d\u00favac\u00edch pr\u00edstrojov Phonak...","og_url":"https:\/\/intl.phonak.com\/sk-sk\/riesenie\/pre-deti\/","og_site_name":"Phonak - Slovensko","article_modified_time":"2025-12-08T15:54:47+00:00","twitter_card":"summary_large_image","twitter_misc":{"Est. reading time":"4 minutes"},"schema":{"@context":"https:\/\/schema.org","@graph":[{"@type":"WebPage","@id":"https:\/\/intl.phonak.com\/sk-sk\/riesenie\/pre-deti\/","url":"https:\/\/intl.phonak.com\/sk-sk\/riesenie\/pre-deti\/","name":"Rie\u0161enia pre deti - Phonak - Slovensko","isPartOf":{"@id":"https:\/\/intl.phonak.com\/sk-sk\/#website"},"primaryImageOfPage":{"@id":"https:\/\/intl.phonak.com\/sk-sk\/riesenie\/pre-deti\/#primaryimage"},"image":{"@id":"https:\/\/intl.phonak.com\/sk-sk\/riesenie\/pre-deti\/#primaryimage"},"thumbnailUrl":"https:\/\/intl.phonak.com\/sk-sk\/wp-content\/uploads\/sites\/3\/2023\/02\/PH_Pic_generic_kids_01.png","datePublished":"2021-11-18T16:56:57+00:00","dateModified":"2025-12-08T15:54:47+00:00","breadcrumb":{"@id":"https:\/\/intl.phonak.com\/sk-sk\/riesenie\/pre-deti\/#breadcrumb"},"inLanguage":"sk-SK","potentialAction":[{"@type":"ReadAction","target":["https:\/\/intl.phonak.com\/sk-sk\/riesenie\/pre-deti\/"]}]},{"@type":"ImageObject","inLanguage":"sk-SK","@id":"https:\/\/intl.phonak.com\/sk-sk\/riesenie\/pre-deti\/#primaryimage","url":"","contentUrl":""},{"@type":"BreadcrumbList","@id":"https:\/\/intl.phonak.com\/sk-sk\/riesenie\/pre-deti\/#breadcrumb","itemListElement":[{"@type":"ListItem","position":1,"name":"Home","item":"https:\/\/intl.phonak.com\/sk-sk\/"},{"@type":"ListItem","position":2,"name":"Rie\u0161enia","item":"https:\/\/intl.phonak.com\/sk-sk\/riesenie\/"},{"@type":"ListItem","position":3,"name":"Rie\u0161enia pre deti"}]},{"@type":"WebSite","@id":"https:\/\/intl.phonak.com\/sk-sk\/#website","url":"https:\/\/intl.phonak.com\/sk-sk\/","name":"Phonak - Slovensko","description":"Odhodlan\u00ed meni\u0165 \u017eivoty","publisher":{"@id":"https:\/\/intl.phonak.com\/sk-sk\/#organization"},"potentialAction":[{"@type":"SearchAction","target":{"@type":"EntryPoint","urlTemplate":"https:\/\/intl.phonak.com\/sk-sk\/?s={search_term_string}"},"query-input":{"@type":"PropertyValueSpecification","valueRequired":true,"valueName":"search_term_string"}}],"inLanguage":"sk-SK"},{"@type":"Organization","@id":"https:\/\/intl.phonak.com\/sk-sk\/#organization","name":"Phonak - Slovensko","url":"https:\/\/intl.phonak.com\/sk-sk\/","logo":{"@type":"ImageObject","inLanguage":"sk-SK","@id":"https:\/\/intl.phonak.com\/sk-sk\/#\/schema\/logo\/image\/","url":"https:\/\/intl.phonak.com\/sk-sk\/wp-content\/uploads\/sites\/64\/2025\/06\/logo-phonak.svg","contentUrl":"https:\/\/intl.phonak.com\/sk-sk\/wp-content\/uploads\/sites\/64\/2025\/06\/logo-phonak.svg","caption":"Phonak - Slovensko"},"image":{"@id":"https:\/\/intl.phonak.com\/sk-sk\/#\/schema\/logo\/image\/"}}]}},"jetpack_sharing_enabled":true,"distributor_meta":false,"distributor_terms":false,"distributor_media":false,"distributor_original_site_name":"Phonak - Slovensko","distributor_original_site_url":"https:\/\/intl.phonak.com\/sk-sk","push-errors":false,"_links":{"self":[{"href":"https:\/\/intl.phonak.com\/sk-sk\/wp-json\/wp\/v2\/pages\/476","targetHints":{"allow":["GET"]}}],"collection":[{"href":"https:\/\/intl.phonak.com\/sk-sk\/wp-json\/wp\/v2\/pages"}],"about":[{"href":"https:\/\/intl.phonak.com\/sk-sk\/wp-json\/wp\/v2\/types\/page"}],"author":[{"embeddable":true,"href":"https:\/\/intl.phonak.com\/sk-sk\/wp-json\/wp\/v2\/users\/5"}],"replies":[{"embeddable":true,"href":"https:\/\/intl.phonak.com\/sk-sk\/wp-json\/wp\/v2\/comments?post=476"}],"version-history":[{"count":18,"href":"https:\/\/intl.phonak.com\/sk-sk\/wp-json\/wp\/v2\/pages\/476\/revisions"}],"predecessor-version":[{"id":1361,"href":"https:\/\/intl.phonak.com\/sk-sk\/wp-json\/wp\/v2\/pages\/476\/revisions\/1361"}],"up":[{"embeddable":true,"href":"https:\/\/intl.phonak.com\/sk-sk\/wp-json\/wp\/v2\/pages\/436"}],"wp:attachment":[{"href":"https:\/\/intl.phonak.com\/sk-sk\/wp-json\/wp\/v2\/media?parent=476"}],"curies":[{"name":"wp","href":"https:\/\/api.w.org\/{rel}","templated":true}]}}