{"id":372,"date":"2021-12-01T16:57:39","date_gmt":"2021-12-01T16:57:39","guid":{"rendered":"https:\/\/intl.phonak.com\/lv-lv\/privacy-policy\/"},"modified":"2025-10-13T12:15:46","modified_gmt":"2025-10-13T12:15:46","slug":"privacy-policy","status":"publish","type":"page","link":"https:\/\/intl.phonak.com\/lv-lv\/privacy-policy\/","title":{"rendered":"Priv\u0101tuma politika"},"content":{"rendered":"\n<div class=\"wp-block-group is-style-align-small is-layout-flow wp-block-group-is-layout-flow\" style=\"padding-top:0px;padding-bottom:0px\">\n<h2 class=\"wp-block-heading\">Priv\u0101tuma politika <\/h2>   <p>Sp\u0113k\u0101 no: 2025. gada apr\u012b\u013ca<\/p>   <p><strong>A. Visp\u0101r\u012bga inform\u0101cija<\/strong><\/p>   <p>Sonova AG ir re\u0123istr\u0113ta saska\u0146\u0101 ar \u0160veices likumiem, ar re\u0123istr\u0113to adresi<br>Laubisr\u00fctistrasse 28, 8712 St\u00e4fa, \u0160veice. Sonova AG, kas darbojas k\u0101 datu p\u0101rzinis, <br>veic savu uz\u0146\u0113m\u0113jdarb\u012bbu caur glob\u0101li izvietotiem fili\u0101l\u0113m (kop\u0101 sauktas par &#8220;Sonova&#8221; vai &#8220;Uz\u0146\u0113mums&#8221; vai &#8220;m\u0113s&#8221; vai &#8220;m\u016bsu&#8221;), darbojoties k\u0101 neatkar\u012bgi vai kop\u012bgi datu p\u0101rzi\u0146i attiec\u012bb\u0101 uz saviem konkr\u0113tajiem klientiem, produktu lietot\u0101jiem, mobilaj\u0101m lietotn\u0113m un t\u012bmek\u013ca vietn\u0113m, l\u012bgumsl\u0113dz\u0113jiem un partneriem (&#8220;Datu subjekti&#8221;).<\/p>   <p>Uz\u0146\u0113mums apstr\u0101d\u0101 personas datus sav\u0101 ikdienas darb\u012bb\u0101. T\u0101p\u0113c \u0161\u012b Glob\u0101l\u0101<br>Priv\u0101tuma politika (&#8220;Politika&#8221;) ir izstr\u0101d\u0101ta un ieviesta, lai aprakst\u012btu uz\u0146\u0113muma praksi attiec\u012bb\u0101 uz personas datu izmanto\u0161anu, kas saist\u012bti ar t\u0101 datu subjektiem. Da\u017ei uz\u0146\u0113muma produkti un pakalpojumi, k\u0101 ar\u012b noteikti \u0161\u012bs vietnes sniegtie pakalpojumi var ar\u012b ietvert papildu priv\u0101tuma politikas, kas tiek piem\u0113rotas papildus \u0161ai politikai.<\/p>   <p>\u201cPersonas dati\u201d vai \u201cPersonas inform\u0101cija\u201d noz\u012bm\u0113 jebkuru inform\u0101ciju, kas attiecas uz identific\u0113tu vai<br>identific\u0113jamu fizisku personu.<\/p>   <p>&#8220;Jut\u012bga personisk\u0101 inform\u0101cija&#8221; vai &#8220;\u012apa\u0161as kategorijas personu dati&#8221; noz\u012bm\u0113 jebkurus personiskos<br>datus, kas, ja tie tiek nopludin\u0101ti vai nelikum\u012bgi izmantoti, var viegli izrais\u012bt cilv\u0113ka cie\u0146as p\u0101rk\u0101pumu vai kait\u0113jumu fiziskas personas personiskajai vai \u012bpa\u0161uma dro\u0161\u012bbai, tostarp, atkar\u012bb\u0101 no piem\u0113rojamajiem likumiem, dati, kas atkl\u0101j rasu vai etnisko izcelsmi, politiskos uzskatus, reli\u0123iskos vai<br>filozofiskos uzskatus vai dal\u012bbas arodbiedr\u012bb\u0101s, k\u0101 ar\u012b \u0123en\u0113tisko datu apstr\u0101de, biometrisko datu apstr\u0101de, lai unik\u0101li identific\u0113tu fizisku personu, dati par vesel\u012bbu vai dati par fiziskas personas dzimumdz\u012bvi vai seksu\u0101lo orient\u0101ciju, finan\u0161u konts, person\u012bg\u0101 atra\u0161an\u0101s vieta un cita inform\u0101cija par fizisku personu, k\u0101 ar\u012b nepilngad\u012bgo personas inform\u0101cija.<\/p>   <p>&#8220;Apstr\u0101de&#8221; noz\u012bm\u0113 jebkuru darb\u012bbu vai darb\u012bbu kopumu, kas tiek veikts ar personas datiem<br>vai uz personas datu kop\u0101m, neatkar\u012bgi no t\u0101, vai tas tiek veikts automatiz\u0113ti, piem\u0113ram, v\u0101k\u0161ana, ierakst\u012b\u0161ana, organiz\u0113\u0161ana, struktur\u0113\u0161ana, glab\u0101\u0161ana, piel\u0101go\u0161ana vai p\u0101rveido\u0161ana, izg\u016b\u0161ana, konsult\u0113\u0161ana, izmanto\u0161ana, izpau\u0161ana ar p\u0101rraidi, izplat\u012b\u0161ana vai cit\u0101di pieejam\u012bbas nodro\u0161in\u0101\u0161ana, saska\u0146o\u0161ana vai<br>kombin\u0101cija, ierobe\u017eo\u0161ana, dz\u0113\u0161ana vai izn\u012bcin\u0101\u0161ana.<\/p>   <p>&#8220;Datu subjekti&#8221; noz\u012bm\u0113 jebkuru identific\u0113tu vai identific\u0113jamu fizisku personu, no kuras vai par kuru tiek v\u0101kti un\/vai apstr\u0101d\u0101ti dati. \u0160\u012bs politikas nol\u016bkos termins Datu subjekti ietver klientus, produktu lietot\u0101jus, mobil\u0101s lietotnes un t\u012bmek\u013ca vietnes, l\u012bgumsl\u0113dz\u0113jus un partnerus.<\/p>   <p>&#8220;Datu p\u0101rzinis&#8221; noz\u012bm\u0113 fizisku vai juridisku personu, kas viena pati vai kop\u0101 ar cit\u0101m,<br>nosaka Personas datu apstr\u0101des m\u0113r\u0137us un l\u012bdzek\u013cus. Saska\u0146\u0101 ar<br>piem\u0113rojamiem likumiem un attiec\u012bgo terminolo\u0123iju, termins &#8220;Datu p\u0101rzinis&#8221; k\u0101 izmantots \u0161aj\u0101 politik\u0101<br>var tikt atsauktas ar da\u017e\u0101diem terminiem, nodro\u0161inot atbilst\u012bbu piem\u0113rojamajiem likumiem, ja tiek nodro\u0161in\u0101ts<br>ka fundament\u0101l\u0101 loma paliek nemain\u012bta. Piem\u0113ram, bet ne tikai, saska\u0146\u0101 ar \u0136\u012bn\u0101 piem\u0113roto Personisk\u0101s inform\u0101cijas aizsardz\u012bbas likumu (PIPL), \u0161\u012b loma<br>alternat\u012bvi var tikt d\u0113v\u0113ta par &#8220;Person\u012bg\u0101s inform\u0101cijas procesoru&#8221;.<\/p>   <p><strong>B. PIEM\u0112ROJAMIE LIKUMI<\/strong><\/p>   <p>Uz\u0146\u0113mums ap\u0146emas iev\u0113rot attiec\u012bgos piem\u0113rojamos datu aizsardz\u012bbas likumus<br>(&#8220;Piem\u0113rojamie likumi&#8221;), lai gan noteiktas pras\u012bbas var at\u0161\u0137irties no vienas valsts uz citu.<\/p>   <p>Piem\u0113ram, bet ne tikai, Uz\u0146\u0113mums ir ap\u0146\u0113mies iev\u0113rot \u0161\u0101dus likumus, ja tie ir piem\u0113rojami:<\/p>  <div class=\"wp-list-block\"> <ul class=\"wp-block-list\">\n<li>Eiropas Parlamenta un Padomes 2016. gada 27. apr\u012b\u013ca Regula (ES) 2016\/679 par fizisku personu aizsardz\u012bbu attiec\u012bb\u0101 uz personas datu apstr\u0101di un par \u0161o datu br\u012bvu apriti, k\u0101 ar\u012b Direkt\u012bvas 95\/46\/EK atcel\u0161anu (Visp\u0101r\u012bg\u0101 datu aizsardz\u012bbas regula) (&#8220;GDPR&#8221;)<\/li>   <li>\u0160veices Feder\u0101lais datu aizsardz\u012bbas likums no 1992. gada 19. j\u016bnija (&#8220;FADP&#8221;), modific\u0113ts 2020. gad\u0101 un st\u0101jas sp\u0113k\u0101 no 2023. gada septembra<\/li>   <li>2018. gada Kalifornijas Pat\u0113r\u0113t\u0101ju priv\u0101tuma likums (&#8220;CCPA&#8221;), kas groz\u012bts ar 2020. gada Kalifornijas Priv\u0101tuma ties\u012bbu aktu (&#8220;CPRA&#8221;)<\/li>   <li>Vesel\u012bbas apdro\u0161in\u0101\u0161anas p\u0101rnesam\u012bbas un atbild\u012bbas likums no 1996. gada (&#8220;HIPAA&#8221;), Publiskais likums 104-191, sada\u013cas 261 l\u012bdz 264, k\u0101 groz\u012bts ar Vesel\u012bbas inform\u0101cijas tehnolo\u0123iju ekonomisk\u0101s un kl\u012bnisk\u0101s vesel\u012bbas likumu, k\u0101 iek\u013cauts Amerikas atvese\u013co\u0161anas un reinvest\u0113\u0161anas likum\u0101 no 2009. gada (&#8220;HITECH&#8221;) un visi piem\u0113rojamie \u012bsteno\u0161anas noteikumi, tostarp bez ierobe\u017eojumiem, Individu\u0101li identific\u0113jamas vesel\u012bbas inform\u0101cijas priv\u0101tuma standarti, Dro\u0161\u012bbas noteikums un P\u0101rk\u0101pumu pazi\u0146o\u0161anas noteikums, kodific\u0113ti 45 C.F.R. da\u013c\u0101s 160 un 164 (visi \u0161\u0101di likumi un noteikumi kop\u0101 saukti par &#8220;HIPAA&#8221;)<\/li>   <li>Personas datu aizsardz\u012bbas likums (&#8220;PIPL&#8221;), Kiberdro\u0161\u012bbas likums (&#8220;CSL&#8221;), Civillikums, Datu dro\u0161\u012bbas likums (&#8220;DSL&#8221;) un citi piem\u0113rojamie likumi un noteikumi, normat\u012bv\u0101s pras\u012bbas un nacion\u0101lie standarti (kop\u0101 &#8220;\u0136\u012bnas datu priv\u0101tuma likumi&#8221;)<\/li>\n<\/ul> <\/div>  <p><strong>C. PERSONAS DATI, KAS TIEK IEV\u0100KTI<\/strong><\/p>   <p>Uz\u0146\u0113mums var apstr\u0101d\u0101t \u0161\u0101dus personas datus:<\/p>  <div class=\"wp-list-block\"> <ul class=\"wp-block-list\">\n<li>Identit\u0101tes dati: uzv\u0101rds, v\u0101rds, valstspieder\u012bba un dzim\u0161anas datums<\/li>   <li>Kontaktinform\u0101cija: pasta adrese, priv\u0101ts t\u0101lru\u0146a numurs, priv\u0101ta e-pasta adrese vai \u0101rk\u0101rtas kontaktpersona<\/li>   <li>Soci\u0101l\u0101s apdro\u0161in\u0101\u0161anas numurs un apdro\u0161in\u0101\u0161anas komp\u0101nija<\/li>   <li>Finan\u0161u dati: maks\u0101\u0161anas l\u012bdzek\u013ci (ieskaitot kred\u012btkartes vai debetkartes numuru), finan\u0161u iest\u0101de un iesp\u0113jams bankas inform\u0101cija, IBAN, vesel\u012bbas apdro\u0161in\u0101t\u0101js vai apdro\u0161in\u0101\u0161anas inform\u0101cija<\/li>   <li>Dati, kas saist\u012bti ar vesel\u012bbu, tostarp svars, augums, medic\u012bnisk\u0101 v\u0113sture, \u0101rsta recepte, dzirdes sp\u0113ja, fizisk\u0101s aktivit\u0101tes izseko\u0161ana (so\u013cu skaits, vingrin\u0101jumu intensit\u0101te, vingrin\u0101jumu min\u016btes), fitnesa dati (sirdsdarb\u012bbas \u0101trums, ener\u0123ijas pat\u0113ri\u0146\u0161, asinsspiediens)<\/li>   <li>Dati, kas saist\u012bti ar lietot\u0101ja uzved\u012bbu t\u012bmek\u013ca vietn\u0113: p\u0101rl\u016bko\u0161anas dati, interneta protokola (IP) adrese, s\u012bkdatnes un citi izseko\u0161anas r\u012bki<\/li>   <li>Dati, kas saist\u012bti ar ieg\u0101d\u0101tajiem produktiem: modelis, s\u0113rijas numurs, lieto\u0161anas dati<\/li>   <li>Dati, kas attiecas uz jebkuriem datu subjektu izveidotajiem kontiem, tostarp konta piek\u013cuves akredit\u0101cijas dati (piem\u0113ram, lietot\u0101jv\u0101rdi, kontu numuri)<\/li>   <li>Dati par sniegtajiem pakalpojumiem<\/li>   <li>Dati, kas attiecas uz atsauksm\u0113m, ko Datu subjekti sniedz par m\u016bsu produktiem un pakalpojumiem, tostarp koment\u0101ri un piez\u012bmes<\/li>\n<\/ul> <\/div>  <p><\/p>   <p><strong>D. PERSONAS DATU APSTR\u0100DES M\u0112R\u0136I<\/strong><\/p>   <p>Uz\u0146\u0113mums pa\u013caujas uz \u0161\u0101diem juridiskiem pamatiem Personas datu apstr\u0101dei, kur citi<br>juridiskie pamati var tikt izmantoti atkar\u012bb\u0101 no t\u0101, kur atrodas Datu subjekts un Piem\u0113rojamais<br>Likumi.<\/p>   <p><strong>D.1 APSTR\u0100DE, PAMATOJOTIES UZ DATU SUBJEKTU PIEKRI\u0160ANU<\/strong><\/p>   <p>Personas datu apstr\u0101de var b\u016bt balst\u012bta uz datu subjektu piekri\u0161anu. Personas datu apstr\u0101de \u0161im nol\u016bkam var ietvert:<\/p>  <div class=\"wp-list-block\"> <ul class=\"wp-block-list\">\n<li>M\u0101rketinga nol\u016bkos, piem\u0113ram, bi\u013cetenu un inform\u0101cijas par uz\u0146\u0113muma pied\u0101v\u0101tajiem produktiem un pakalpojumiem nos\u016bt\u012b\u0161ana potenci\u0101lajiem klientiem un produktu, mobilo lietot\u0146u un t\u012bmek\u013ca viet\u0146u lietot\u0101jiem<\/li>   <li>Datu subjektu konta izveide<\/li>   <li>Tie\u0161saistes dzirdes testa veiktsp\u0113ja<\/li>   <li>Profil\u0113\u0161ana, lai nos\u016bt\u012btu atjaunin\u0101jumus par produktiem un pakalpojumiem, ko uz\u0146\u0113mums izstr\u0101d\u0101jis un piel\u0101gojis datu subjektam, pamatojoties uz datu subjekta pieredzi, interes\u0113m vai v\u0113lm\u0113m<\/li>   <li>At\u013caujot datu subjektu dal\u012bbu kl\u012bniskajos p\u0113t\u012bjumos, p\u0113tniec\u012bbas vai liec\u012bbu iniciat\u012bv\u0101s<\/li>   <li>Re\u0123istr\u0113\u0161an\u0101s m\u016bsu kopien\u0101s, izmantojot tie\u0161saistes formas<\/li>   <li>Dal\u012bba sacens\u012bb\u0101s un loterij\u0101s<\/li>   <li>Dal\u012bba tie\u0161saistes aptauj\u0101s<\/li>   <li>Dal\u012bba pas\u0101kumos, apm\u0101c\u012bb\u0101s vai vebin\u0101ros.<\/li>   <li>Koment\u0101ru public\u0113\u0161ana m\u016bsu platform\u0101: l\u016bdzu, \u0146emiet v\u0113r\u0101, ka, ja j\u016bs br\u012bvi nolemjat dal\u012bties ar savu viedokli par m\u016bsu bloga saturu, inform\u0101cija, kuru j\u016bs atkl\u0101jat sav\u0101 koment\u0101r\u0101, kop\u0101 ar j\u016bsu v\u0101rdu, k\u013c\u016bs publiska un t\u0101d\u0113j\u0101di to var\u0113s las\u012bt kopiena tik ilgi, kam\u0113r raksts paliks public\u0113ts un\/vai j\u016bs br\u012bvi nolemjat to izdz\u0113st. L\u016bdzu, \u0146emiet v\u0113r\u0101, ka m\u0113s neesam atbild\u012bgi par personisko inform\u0101ciju, kuru izv\u0113laties iesniegt, un mums nav pien\u0101kuma public\u0113t, no\u0146emt, izdz\u0113st vai redi\u0123\u0113t nevienu no j\u016bsu publiskajiem koment\u0101riem.<\/li>\n<\/ul> <\/div>  <p>Lai apstr\u0101d\u0101tu iepriek\u0161 nor\u0101d\u012btos personas datus, m\u0113s piepras\u012bsim specifisku, skaidru un<br>inform\u0113tu piekri\u0161ana kontaktpunkt\u0101, nodro\u0161inot atbilst\u012bbu piem\u0113rojamajiem likumiem un piekri\u0161anas pras\u012bb\u0101m.<\/p>   <p><strong>D.2 APSTR\u0100DE, PAMATOJOTIES UZ L\u012aGUMU<\/strong><\/p>   <p>Personas datu apstr\u0101de var b\u016bt balst\u012bta uz l\u012bguma vai pirmsl\u012bguma izpildes<br>pas\u0101kumiem ar datu subjektiem un var ietvert:<\/p>  <div class=\"wp-list-block\"> <ul class=\"wp-block-list\">\n<li>M\u016bsu l\u012bgumisko vai pirmsl\u012bgumisko saist\u012bbu izpilde pret datu subjektiem, tostarp produktu un pakalpojumu tehnisk\u0101 darb\u012bba un funkcionalit\u0101te, ko vi\u0146i ir ieg\u0101d\u0101ju\u0161ies<\/li>   <li>P\u0113cp\u0101rdo\u0161anas pakalpojumu snieg\u0161ana p\u0113c produktu un pakalpojumu ieg\u0101des<\/li>   <li>Soci\u0101l\u0101s apdro\u0161in\u0101\u0161anas \/ apdro\u0161in\u0101\u0161anas apstr\u0101de, tostarp datu subjekta apdro\u0161in\u0101\u0161anas sniedz\u0113ja r\u0113\u0137inu izrakst\u012b\u0161ana par jebk\u0101diem ieg\u0101d\u0101tajiem produktiem vai pakalpojumiem<\/li>   <li>Pras\u012bbu administr\u0113\u0161ana un risin\u0101\u0161ana<\/li>   <li>Konsult\u0113\u0161ana un mijiedarb\u012bba ar Datu subjektu, kad Datu subjekts sazin\u0101s ar Uz\u0146\u0113mumu, piem\u0113ram, izmantojot kontaktformas, koment\u0101ru funkciju, t\u0113rz\u0113\u0161anas funkciju, e-pastus<\/li>   <li>Sazin\u0101\u0161an\u0101s ar datu subjektu, lai atbild\u0113tu uz tehniskiem piepras\u012bjumiem, s\u016bdz\u012bb\u0101m un jaut\u0101jumiem, ko datu subjekts var izvirz\u012bt, izmantojot m\u016bsu veidlapas, un lai pied\u0101v\u0101tu datu subjektam nepiecie\u0161amo atbalstu<\/li>   <li>Sazin\u0101\u0161an\u0101s ar datu subjektiem, lai pied\u0101v\u0101tu datu subjektiem vai k\u0101dam, ko vi\u0146i p\u0101rst\u0101v, piepras\u012bto komerci\u0101lo pal\u012bdz\u012bbu \/ pakalpojumus, lai vienotos par tik\u0161anos, lai izm\u0113\u0123in\u0101tu m\u016bsu produktus un pakalpojumus ar dzirdes apr\u016bpes speci\u0101listu vai pakalpojumu sniedz\u0113ju, kas ir vistuv\u0101k datu subjektiem.<\/li>\n<\/ul> <\/div>  <p><strong>D.2 APSTR\u0100DE, PAMATOJOTIES UZ LIKUM\u012aG\u0100M INTERES\u0112M<\/strong><\/p>   <p>Cikt\u0101l to at\u013cauj viet\u0113jie piem\u0113rojamie likumi, personas datu apstr\u0101de var b\u016bt balst\u012bta uz<br>Uz\u0146\u0113muma likum\u012bg\u0101s intereses uzlabot m\u016bsu produktus un pakalpojumus, m\u016bsu datu subjektu<br>pieredzi un m\u016bsu iek\u0161\u0113jos procesus. Personas datu apstr\u0101de \u0161im nol\u016bkam var<br>iesaist\u012bt:<\/p>  <div class=\"wp-list-block\"> <ul class=\"wp-block-list\">\n<li>Statistisk\u0101s\/lietojuma anal\u012bzes veik\u0161ana<\/li>   <li>Veicot iek\u0161\u0113j\u0101s administrat\u012bv\u0101s funkcijas<\/li>   <li>Kr\u0101pnieciskas darb\u012bbas nov\u0113r\u0161ana un dro\u0161\u012bbas uzlabo\u0161ana. Piem\u0113ram, bet ne tikai, saska\u0146\u0101 ar m\u016bsu daudzfaktoru autentifik\u0101cijas meh\u0101nisma ievie\u0161anu, kas izstr\u0101d\u0101ts, lai uzlabotu personu datu dro\u0161\u012bbu un aizsardz\u012bbu, m\u0113s apstr\u0101d\u0101sim j\u016bsu e-pasta adresi, lai nos\u016bt\u012btu nejau\u0161i \u0123ener\u0113tu kodu, kas apstiprin\u0101tu j\u016bsu pieteik\u0161an\u0101s procesa pabeig\u0161anu<\/li>   <li>Attiec\u012bbu p\u0101rvald\u012b\u0161ana ar datu subjektiem<\/li>   <li>Nov\u0113rt\u0113jot m\u016bsu produktu un pakalpojumu atbilst\u012bbu<\/li>   <li>Analiz\u0113jot vietnes veiktsp\u0113ju, lai uzlabotu m\u016bsu pakalpojumus un vietnes funkcionalit\u0101ti<\/li>   <li>Uz\u0146\u0113muma pied\u0101v\u0101to produktu vai pakalpojumu m\u0101rketings eso\u0161ajiem biznesa partneriem, darbuz\u0146\u0113m\u0113jiem vai pieg\u0101d\u0101t\u0101jiem. \u0145emiet v\u0113r\u0101, ka Sonova nepiecie\u0161am\u012bbas gad\u012bjum\u0101 nodro\u0161in\u0101s Datu subjektu piekri\u0161anu pirms Personas datu apstr\u0101des m\u0101rketinga nol\u016bkos.<\/li>\n<\/ul> <\/div>  <p>Uz\u0146\u0113mums var ar\u012b apstr\u0101d\u0101t personas datus, lai rea\u0123\u0113tu uz juridiskaj\u0101m pras\u012bb\u0101m. Apstr\u0101de balst\u012bta<br>uz juridisko pras\u012bbu ir atkar\u012bga no piem\u0113rojam\u0101 likuma.<\/p>   <p><strong>D. 4 APSTR\u0100DE, PAMATOJOTIES UZ CIT\u0100M B\u0100Z\u0112M<\/strong><\/p>   <p>Uz\u0146\u0113mums var ar\u012b apstr\u0101d\u0101t personas datus, lai rea\u0123\u0113tu uz juridiskaj\u0101m pras\u012bb\u0101m un iev\u0113rotu jebkurus piem\u0113rojamos likumus un to attiec\u012bg\u0101s papildu juridisk\u0101s pamatojuma (ja piem\u0113rojams).<\/p>   <p>Atkar\u012bb\u0101 no valsts, kur\u0101 Datu subjekts dz\u012bvo, m\u016bsu noteiktu Jut\u012bgu vai \u012apa\u0161u Personu datu kategoriju apstr\u0101de var pras\u012bt at\u0161\u0137ir\u012bgu juridisko pamatu apstr\u0101dei vai var g\u016bt labumu no \u012bpa\u0161as aizsardz\u012bbas, \u012bpa\u0161i dro\u0161\u012bbas un konfidencialit\u0101tes pas\u0101kumu zi\u0146\u0101, kas tiek \u012bstenoti.<\/p>   <p><strong>E. S\u012aKFAILI UN CITI IZSEKO\u0160ANAS R\u012aKI<\/strong><\/p>   <p>S\u012bkfaili un citi izseko\u0161anas r\u012bki ir mazi faili, kurus glab\u0101 liel\u0101k\u0101 da\u013ca interneta p\u0101rl\u016bkprogrammu, lai izsekotu apmekl\u0113t\u0101ju inform\u0101ciju, un tie \u013cauj Sonova padar\u012bt savu t\u012bmek\u013ca pied\u0101v\u0101jumu jums atbilsto\u0161\u0101ku. Apmekl\u0113jot m\u016bsu vietni, Sonova var izmantot \u010detras kategorijas s\u012bkdatnes un citus izseko\u0161anas r\u012bkus, atkar\u012bb\u0101 no attiec\u012bg\u0101s vietnes. To saglab\u0101\u0161anas periods ir atkar\u012bgs no katras valsts un attiec\u012bgajiem piem\u0113rojamajiem likumiem. Atkar\u012bb\u0101 no attiec\u012bgajiem piem\u0113rojamajiem likumiem, mums ir papildu pazi\u0146ojumi par s\u012bkdat\u0146u priv\u0101tumu, kas inform\u0113 j\u016bs par s\u012bkdatn\u0113m, kuras izmanto vietne, kuru apmekl\u0113jat.<\/p>   <p>M\u0113s izmantojam s\u012bkdatnes un citus izseko\u0161anas r\u012bkus, lai:<\/p>  <div class=\"wp-list-block\"> <ul class=\"wp-block-list\">\n<li>Ieg\u016btu inform\u0101ciju par j\u016bsu p\u0101rl\u016bkprogrammas iestat\u012bjumiem, dom\u0113na v\u0101rdu, interneta pakalpojumu sniedz\u0113ju, j\u016bsu oper\u0113t\u0101jsist\u0113mu, piek\u013cuves datumu un laiku, atra\u0161an\u0101s vietu, ier\u012bces tipu, kas izmantota m\u016bsu vietnes apmekl\u0113\u0161anai, un veiciet sist\u0113mas administr\u0113\u0161anu<\/li>   <li>Ieg\u016btu inform\u0101ciju par cit\u0101m apmekl\u0113taj\u0101m vietn\u0113m vai veiktajiem mekl\u0113jumiem, lai uzlabotu savu pieredzi<\/li>   <li>Nov\u0113rstu kr\u0101pnieciskas darb\u012bbas un uzlabot dro\u0161\u012bbu<\/li>   <li>Zin\u0101tu un analiz\u0113tu savas p\u0101rl\u016bko\u0161anas preferences un produktus, kas j\u016bs interes\u0113<\/li>   <li>Saist\u012btu savu iepriek\u0161\u0113jo vietnes uzved\u012bbu p\u0113c tam, kad esat re\u0123istr\u0113jies ar saviem datiem Sonova vietn\u0113 biznesa un tehniskiem nol\u016bkiem.<\/li>\n<\/ul> <\/div>  <p>Da\u017eas no s\u012bkdatn\u0113m un citiem izseko\u0161anas r\u012bkiem, ko izmanto m\u016bsu t\u012bmek\u013ca vietnes, ir iestat\u012btas no m\u016bsu puses, un da\u017eas ir iestat\u012btas tre\u0161\u0101s puses Sonova v\u0101rd\u0101. M\u016bsu s\u012bkdat\u0146u un citu tre\u0161o pu\u0161u izseko\u0161anas r\u012bku izmanto\u0161ana \u013cauj piel\u0101gotu rekl\u0101mu, kas noz\u012bm\u0113, ka j\u016bs varat redz\u0113t Sonova rekl\u0101mu cit\u0101s t\u012bmek\u013ca vietn\u0113s, kuras apmekl\u0113jat.<\/p>   <p>Atkar\u012bb\u0101 no attiec\u012bg\u0101s vietnes m\u0113s varam izmantot \u0161\u0101das s\u012bkfailu kategorijas un<br>citus izseko\u0161anas r\u012bkus:<\/p>  <div class=\"wp-list-block\"> <ul class=\"wp-block-list\">\n<li>Stingri nepiecie\u0161am\u0101s s\u012bkdatnes: \u0161\u012bs s\u012bkdatnes ir nepiecie\u0161amas, lai m\u0113s var\u0113tu nodro\u0161in\u0101t jums pamata funkcionalit\u0101ti m\u016bsu vietn\u0113, un t\u0101s nevar izsl\u0113gt m\u016bsu sist\u0113m\u0101s.<\/li>   <li>Veiktsp\u0113jas un anal\u012btisk\u0101s s\u012bkdatnes: \u0161\u012bs s\u012bkdatnes \u013cauj mums saskait\u012bt apmekl\u0113jumus un datpl\u016bsmas avotus, lai izm\u0113r\u012btu un uzlabotu m\u016bsu vietnes veiktsp\u0113ju.<\/li>   <li>Funkcion\u0101l\u0101s s\u012bkdatnes: \u0161\u012bs s\u012bkdatnes tiek izmantotas, lai nodro\u0161in\u0101tu uzlabotu funkcionalit\u0101ti un personaliz\u0101ciju j\u016bsu apmekl\u0113juma laik\u0101.<\/li>   <li>M\u0113r\u0137\u0113\u0161anas vai rekl\u0101mas s\u012bkdatnes: \u0161\u012bs s\u012bkdatnes var tikt iestat\u012btas m\u016bsu vietn\u0113 m\u016bsu rekl\u0101mas partneru, lai izveidotu j\u016bsu intere\u0161u profilu un pied\u0101v\u0101tu atbilsto\u0161as rekl\u0101mas.<\/li>\n<\/ul> <\/div>  <p>Katrs s\u012bkdat\u0146u veids atspogu\u013co konkr\u0113tu m\u0113r\u0137i, un m\u016bsu vietn\u0113 j\u016bs varat viegli piekrist<br>specifiski katram m\u0113r\u0137im. Pie\u0146emot visas s\u012bkdatnes, jums b\u016bs piln\u012bb\u0101 personaliz\u0113ta t\u012bmek\u013ca vietnes<br>pieredze. M\u0113s \u013caujam jums izv\u0113l\u0113ties, kurus s\u012bkfailu veidus j\u016bs pie\u0146emat vai blo\u0137\u0113jat, bet tas var<br>ietekm\u0113t j\u016bsu pieredzi t\u012bmek\u013ca vietn\u0113 un pakalpojumus, ko m\u0113s pied\u0101v\u0101jam (k\u0101 min\u0113ts iepriek\u0161). Tu<br>vari izmantot pakalpojumu pat atteikuma gad\u012bjum\u0101 piekrist da\u017eiem s\u012bkfailiem, iz\u0146emot gad\u012bjumus, kad atteikums attiecas uz stingri nepiecie\u0161amajiem s\u012bkfailiem. Jebkur\u0101 laik\u0101 j\u016bs varat atsaukt vai main\u012bt savu piekri\u0161anu, dodoties uz lapu &#8220;S\u012bkdat\u0146u preferences&#8221;.<\/p>   <p>Veids, k\u0101 sniegt savu piekri\u0161anu konkr\u0113ti katram m\u0113r\u0137im vai pie\u0146emt visas s\u012bkdatnes, b\u016bs atkar\u012bgs no j\u016bsu valst\u012b piem\u0113rojamajiem likumiem par s\u012bkdatn\u0113m un b\u016bs viegli atrodams un izskaidrots s\u012bkdat\u0146u rekl\u0101mkarog\u0101.<br><br>Ja j\u016bs neinteres\u0113 m\u016bsu S\u012bkdat\u0146u priek\u0161roc\u012bbas, j\u016bsu p\u0101rl\u016bkprogrammas funkcija &#8220;Pal\u012bdz\u012bba&#8221;<br>var sniegt instrukcijas par to, k\u0101 nov\u0113rst s\u012bkfailus vai izdz\u0113st eso\u0161os s\u012bkfailus. Turkl\u0101t j\u016bs varat uzzin\u0101t, k\u0101 blo\u0137\u0113t visas jaunas s\u012bkdatnes sav\u0101 p\u0101rl\u016bkprogramm\u0101 un k\u0101di konfigur\u0101cijas so\u013ci ir nepiecie\u0161ami, lai sa\u0146emtu pazi\u0146ojumu par jaun\u0101m s\u012bkdatn\u0113m.<\/p>   <p>Noder\u012bgu inform\u0101ciju par s\u012bkdatn\u0113m var atrast \u0161aj\u0101s vietn\u0113s:<br>http:\/\/www.allaboutcookies.org\/ vai https:\/\/cookiepedia.co.uk.<\/p>   <p>Papildu inform\u0101cija par s\u012bkfailu kategorij\u0101m un citiem izseko\u0161anas r\u012bkiem, ko sav\u0101c<br>vietne tiks nodro\u0161in\u0101ta caur s\u012bkfailu rekl\u0101mkarogu un t\u0101 \u012bpa\u0161o s\u012bkfailu sada\u013cu.<\/p>   <p><strong>F. SOCI\u0100LO MEDIJU PLUGINI<\/strong><\/p>   <p>Soci\u0101lo mediju spraud\u0146i ir da\u013ca no noteikt\u0101m Sonova t\u012bmek\u013ca lap\u0101m un past\u0101v soci\u0101lajiem medijiem<br>pakalpojumu sniedz\u0113ji (&#8220;Pakalpojumu sniedz\u0113js&#8221;); piem\u0113ram, Facebook, Instagram, Twitter, LinkedIn, Google+, un YouTube. Kad apmekl\u0113jat lapu, noklik\u0161\u0137inot uz \u0161\u0101da spraud\u0146a, j\u016bsu p\u0101rl\u016bkprogramma izveidos savienojumu ar attiec\u012bgo soci\u0101lo mediju serveri. Taj\u0101 pa\u0161\u0101 laik\u0101 Pakalpojumu sniedz\u0113js zin\u0101s, ka apmekl\u0113j\u0101t m\u016bsu vietni pirms nok\u013c\u016b\u0161anas soci\u0101lo mediju vietn\u0113. Ja esat re\u0123istr\u0113jies un esat pieteicies ar attiec\u012bgo pakalpojumu sniedz\u0113ju, j\u016bsu apmekl\u0113jums var tikt saist\u012bts ar\u012b ar j\u016bsu lietot\u0101ja kontu. Pakalpojumu sniedz\u0113ji parasti nesniedz konkr\u0113tu inform\u0101ciju par to, k\u0101di dati tiek p\u0101rraid\u012bti, izmantojot vi\u0146u soci\u0101lo mediju spraud\u0146us. T\u0101p\u0113c mums nav noteiktas sp\u0113jas p\u0101rbaud\u012bt nos\u016bt\u012bto datu saturu un apjomu vai to izmanto\u0161anu \u0161\u0101du Pakalpojumu sniedz\u0113ju darb\u012bb\u0101. Lai ieg\u016btu papildinform\u0101ciju par soci\u0101lo mediju spraud\u0146iem, l\u016bdzu, skatiet attiec\u012bg\u0101 pakalpojumu sniedz\u0113ja datu aizsardz\u012bbas noteikumus. Ja nev\u0113laties, lai Pakalpojumu sniedz\u0113js v\u0101ktu datus par jums, izmantojot m\u016bsu vietni, l\u016bdzu, deaktiviz\u0113jiet spraudni(-us) sav\u0101 t\u012bmek\u013ca p\u0101rl\u016bkprogramm\u0101. Ja v\u0113laties izvair\u012bties no saites uz jebkuru eso\u0161o lietot\u0101ja kontu, jums ir j\u0101iziet no soci\u0101lo mediju t\u012bmek\u013ca lapas pirms apmekl\u0113jat m\u016bsu vietni.<\/p>   <p><strong>G. TRE\u0160\u0100S PUSES SAITES<\/strong><\/p>   <p>\u0160\u012b politika attiecas tikai uz \u0161\u012bs vietnes izmanto\u0161anu. M\u0113s varam nodro\u0161in\u0101t j\u016bs ar sait\u0113m uz tre\u0161o pu\u0161u t\u012bmek\u013ca vietn\u0113m, kas var\u0113tu j\u016bs interes\u0113t. Tom\u0113r, l\u016bdzu, \u0146emiet v\u0113r\u0101, ka Sonova nav<br>atbild\u012bgs par \u0161\u0101du viet\u0146u saturu un pieejam\u012bbu un nevar garant\u0113t \u0161\u0101du viet\u0146u priv\u0101tuma praksi.<\/p>   <p><strong>H. PERSONAS DATU SAGLAB\u0100\u0160ANA<\/strong><\/p>   <p>Personas dati netiks glab\u0101ti ilg\u0101k, nek\u0101 nepiecie\u0161ams iepriek\u0161 min\u0113tajiem m\u0113r\u0137iem. \u0160is<br>noz\u012bm\u0113, ka Personas dati tiks dz\u0113sti, tikl\u012bdz Personas datu apstr\u0101des m\u0113r\u0137is b\u016bs sasniegts. Tom\u0113r uz\u0146\u0113mums var saglab\u0101t personas datus ilg\u0101k, ja to prasa jebkuri piem\u0113rojamie likumi, lai aizsarg\u0101tu vai \u012bstenotu m\u016bsu ties\u012bbas, cikt\u0101l tas ir at\u013cauts.<\/p>   <p>Perioda beig\u0101s uz\u0146\u0113mumam var b\u016bt nepiecie\u0161ams ar\u012b arhiv\u0113t personas datus, lai<br>iev\u0113rotu piem\u0113rojamos likumus, uz ierobe\u017eotu laika periodu un ar ierobe\u017eotu piek\u013cuvi.<\/p>   <p>\u0160ie saglab\u0101\u0161anas periodi var at\u0161\u0137irties atkar\u012bb\u0101 no valsts, kur\u0101 Datu subjekti dz\u012bvo, un saska\u0146\u0101 ar piem\u0113rojamajiem likumiem.<\/p>   <p><strong>I. PERSONAS DATU IZPAU\u0160ANA<\/strong><\/p>   <p>Uz\u0146\u0113mums var kop\u012bgot personas datus, pamatojoties uz datu subjekta piekri\u0161anu un\/vai uz<br>atbilsto\u0161u juridisko pamatu, ar \u0161\u0101d\u0101m tre\u0161aj\u0101m pus\u0113m:<\/p>  <div class=\"wp-list-block\"> <ul class=\"wp-block-list\">\n<li>Biznesa partneri, kas sniedz pakalpojumus m\u016bsu v\u0101rd\u0101, piem\u0113ram, tehnisk\u0101 atbalsta, m\u0101rketinga nol\u016bkos vai citu pakalpojumu snieg\u0161anai.<\/li>   <li>Valsts iest\u0101des un publisk\u0101s iest\u0101des, cikt\u0101l tas ir nepiecie\u0161ams, lai sniegtu jebk\u0101dus pakalpojumus, kas ir piepras\u012bti vai autoriz\u0113ti, lai aizsarg\u0101tu datu subjektu ties\u012bbas, vai m\u016bsu vai citu ties\u012bbas, \u012bpa\u0161umu vai dro\u0161\u012bbu, lai uztur\u0113tu m\u016bsu pakalpojumu dro\u0161\u012bbu, vai ja mums tas ir j\u0101dara saska\u0146\u0101 ar piem\u0113rojamajiem likumiem, tiesas vai cit\u0101m vald\u012bbas regul\u0101m, vai ja \u0161\u0101da inform\u0101cijas izpau\u0161ana ir cit\u0101di nepiecie\u0161ama, lai atbalst\u012btu jebk\u0101du juridisku vai krimin\u0101lu izmekl\u0113\u0161anu vai tiesved\u012bbu.<\/li>   <li>Personas, kuras ir pilnvarotas Datu subjekta vai piem\u0113rojamo likumu d\u0113\u013c piedal\u012bties Datu subjekta apr\u016bp\u0113, tostarp \u0123imenes locek\u013ci, tuvi draugi vai citi.<\/li>\n<\/ul> <\/div>  <p>Atkar\u012bb\u0101 no piem\u0113rojamajiem likumiem m\u0113s nosl\u0113dzam l\u012bgumus ar da\u017e\u0101m tre\u0161aj\u0101m pus\u0113m, lai nodro\u0161in\u0101tu, ka personas dati tiek apstr\u0101d\u0101ti saska\u0146\u0101 ar m\u016bsu nor\u0101d\u012bjumiem un iev\u0113rojot \u0161o politiku un jebkurus citus atbilsto\u0161us konfidencialit\u0101tes un dro\u0161\u012bbas pas\u0101kumus.<br>Laiku pa laikam var b\u016bt nepiecie\u0161ams nosl\u0113gt \u0161\u0101dus l\u012bgumus Sonova grupas ietvaros,<br>ar meitasuz\u0146\u0113mumiem un saist\u012btajiem uz\u0146\u0113mumiem, lai izpild\u012btu normat\u012bv\u0101s pras\u012bbas. \u0160im nol\u016bkam,<br>Sonova meitasuz\u0146\u0113mumi un fili\u0101les ar\u012b tiks uzskat\u012bti par &#8220;tre\u0161aj\u0101m pus\u0113m&#8221;.<\/p>   <p><strong>J. PERSONAS DATU P\u0100RS\u016aT\u012a\u0160ANA<\/strong><\/p>   <p>Iepriek\u0161 min\u0113t\u0101s tre\u0161\u0101s puses, piem\u0113ram, Sonova fili\u0101les un meitasuz\u0146\u0113mumi, k\u0101 ar\u012b<br>biznesa partneri, valsts iest\u0101des, kur\u0101m m\u0113s varam izpaust personas datus, var atrasties \u0101rpus j\u016bsu valsts, iesp\u0113jams, ar\u012b valst\u012bs, kuru datu aizsardz\u012bbas likumi var at\u0161\u0137irties no tiem, kas ir valst\u012b, kur\u0101 atrodas datu subjekti.<br>Ja personas dati tiek apstr\u0101d\u0101ti Eiropas Savien\u012bb\u0101\/Eiropas Ekonomikas zon\u0101, un<br>gad\u012bjum\u0101, ja Personas dati tiek izpausti tre\u0161aj\u0101m pus\u0113m valst\u012b, kas netiek uzskat\u012bta par valsti, kas nodro\u0161ina<br>atbilsto\u0161u aizsardz\u012bbas l\u012bmeni saska\u0146\u0101 ar Eiropas Komisiju, uz\u0146\u0113mums nodro\u0161in\u0101s:<\/p>  <div class=\"wp-list-block\"> <ul class=\"wp-block-list\">\n<li>Atbilsto\u0161u proced\u016bru ievie\u0161ana, lai iev\u0113rotu piem\u0113rojamos likumus, un jo \u012bpa\u0161i, kad ir nepiecie\u0161ams sa\u0146emt at\u013cauju no kompetent\u0101s uzraudz\u012bbas iest\u0101des<\/li>   <li>Atbilsto\u0161u organizatorisku, tehnisku un juridisku aizsardz\u012bbas pas\u0101kumu ievie\u0161ana, lai regul\u0113tu min\u0113to p\u0101rs\u016bt\u012b\u0161anu un nodro\u0161in\u0101tu nepiecie\u0161amo un atbilsto\u0161u aizsardz\u012bbas l\u012bmeni saska\u0146\u0101 ar piem\u0113rojamajiem likumiem<\/li>   <li>Ja nepiecie\u0161ams, Eiropas Komisijas pie\u0146emt\u0101s standarta l\u012bguma klauzulas \u012bsteno\u0161ana<\/li>   <li>Ja nepiecie\u0161ams un atkar\u012bb\u0101 no tre\u0161\u0101s puses valsts, kas import\u0113 datus, veiciet papildu pas\u0101kumus, piem\u0113ram, pabeidziet datu p\u0101rs\u016bt\u012b\u0161anas atbilst\u012bbas nov\u0113rt\u0113jumu un, ja nepiecie\u0161ams, papildu pas\u0101kumus p\u0101rs\u016bt\u012bto personas datu aizsardz\u012bbai.<\/li>\n<\/ul> <\/div>  <p>Ja personas dati netiek apstr\u0101d\u0101ti Eiropas Savien\u012bb\u0101\/Eiropas Ekonomikas zon\u0101 un<br>ja personas dati tiek izpausti tre\u0161aj\u0101m pus\u0113m, kas atrodas \u0101rpus j\u016bsu valsts, uz\u0146\u0113mums nodro\u0161in\u0101s, ka ir ieviesti atbilsto\u0161i aizsardz\u012bbas pas\u0101kumi, lai aizsarg\u0101tu personas datus, \u012bstenojot atbilsto\u0161us juridiskus meh\u0101nismus. \u0160ie meh\u0101nismi var at\u0161\u0137irties atkar\u012bb\u0101 no valsts un attiec\u012bgajiem piem\u0113rojamajiem likumiem.<\/p>   <p>Ja Datu subjekta personas dati ir pak\u013cauti p\u0101rskat\u012btajam FADP vai PIPL un ir pak\u013cauti starptautiskiem p\u0101rs\u016bt\u012bjumiem, Datu subjekts tiks inform\u0113ts par \u0161iem p\u0101rs\u016bt\u012bjumiem, izmantojot papildu priv\u0101tuma pazi\u0146ojumus. \u0160\u0101di pazi\u0146ojumi sniegs papildu inform\u0101ciju un dro\u0161\u012bbas pas\u0101kumus attiec\u012bb\u0101 uz personas datu p\u0101rs\u016bt\u012b\u0161anu \u0101rpus \u0160veices vai \u0136\u012bnas.<\/p>   <p><strong>K. PERSONAS DATU DRO\u0160\u012aBA<\/strong><\/p>   <p>Personas datu dro\u0161\u012bba mums ir \u0101rk\u0101rt\u012bgi svar\u012bga. M\u0113s veicam visus sapr\u0101t\u012bgos pas\u0101kumus, kurus<br>nepiecie\u0161ams nodro\u0161in\u0101t, lai Personas dati tiek apstr\u0101d\u0101ti dro\u0161i un saska\u0146\u0101 ar \u0161o Politiku.<\/p>   <p>Sonova \u012bsteno da\u017e\u0101dus dro\u0161\u012bbas pas\u0101kumus, lai aizsarg\u0101tu personas datus no<br>dro\u0161\u012bbas incidentiem vai nesankcion\u0113tas inform\u0101cijas izpau\u0161anas. \u0160ie dro\u0161\u012bbas pas\u0101kumi ir balst\u012bti uz<br>atbilsto\u0161iem nozares dro\u0161\u012bbas standartiem un ietver, cita starp\u0101, piek\u013cuves kontroles, paroles,<br>\u0161ifr\u0113\u0161anu un regul\u0101ras dro\u0161\u012bbas nov\u0113rt\u0113\u0161anas.<\/p>   <p>Visiem darbiniekiem, kuri var apstr\u0101d\u0101t jebk\u0101dus personas datus, ir j\u0101veic atbilsto\u0161a apm\u0101c\u012bba saska\u0146\u0101 ar piem\u0113rojamiem likumiem, lai nodro\u0161in\u0101tu atbilst\u012bbu datu aizsardz\u012bbas noteikumiem. <\/p>   <p>M\u0113s regul\u0101ri p\u0101rskat\u0101m savas inform\u0101cijas dro\u0161\u012bbas proced\u016bras, lai apsv\u0113rtu piem\u0113rotas jaunas tehnolo\u0123ijas un metodes.<\/p>   <p><strong>L. PRIV\u0100TUMA TIES\u012aBAS SAIST\u012aTAS AR PERSONAS DATIEM<\/strong><\/p>   <p>Atkar\u012bb\u0101 no attiec\u012bgajiem piem\u0113rojamajiem likumiem datu subjektiem ir ties\u012bbas, kas saist\u012btas ar vi\u0146u personas datiem, piem\u0113ram, ties\u012bbas piepras\u012bt piek\u013cuvi, labo\u0161anu, dz\u0113\u0161anu vi\u0146u personas datiem, apstr\u0101des ierobe\u017eo\u0161anu, iebilst pret apstr\u0101di, piepras\u012bt datu p\u0101rnesam\u012bbu, tikt inform\u0113tiem un atsaukt savu piekri\u0161anu personas datu apstr\u0101dei, pamatojoties uz vi\u0146u piekri\u0161anu. Datu subjekti var ar\u012b iebilst pret automatiz\u0113tu individu\u0101lu l\u0113mumu pie\u0146em\u0161anu, ja vi\u0146i ir noraiz\u0113ju\u0161ies par \u0161\u0101du apstr\u0101di.<\/p>   <p>Atbilsto\u0161o datu subjekta ties\u012bbu izmanto\u0161ana tiek veikta saska\u0146\u0101 ar likuma<br>laika grafikiem, kas noteikti ar piem\u0113rojamajiem likumiem.<\/p>   <p>Turkl\u0101t da\u017ei piem\u0113rojamie likumi var sniegt nor\u0101d\u012bjumus par saglab\u0101\u0161anu,<br>personas datu sazi\u0146u un dz\u0113\u0161anu p\u0113c n\u0101ves.<\/p>   <p>Lai izmantotu \u0161\u012bs priv\u0101tuma ties\u012bbas, datu subjekti var sazin\u0101ties ar mums, k\u0101 aprakst\u012bts sada\u013c\u0101 \u201cK\u0101 to izdar\u012bt\u201d<br>&#8220;Sazinieties ar mums&#8221; sada\u013ca zem\u0101k. M\u0113s varam piepras\u012bt identit\u0101tes apliecin\u0101jumu, lai atbild\u0113tu uz piepras\u012bjumu. Ja<br>m\u0113s nevaram apmierin\u0101t piepras\u012bjumu (atteikums vai ierobe\u017eojums), m\u0113s dokument\u0113sim savu l\u0113mumu rakstiski.<\/p>   <p>\u0160\u0101du ties\u012bbu izmanto\u0161ana nav absol\u016bta un ir pak\u013cauta ierobe\u017eojumiem, ko paredz<br>Piem\u0113rojamie likumi. Neviena persona nedr\u012bkst tikt pak\u013cauta atrieb\u012bbai vai diskrimin\u0101cijai<br>izmantojot \u0161\u012bs ties\u012bbas. <\/p>   <p>Datu subjektiem var b\u016bt ties\u012bbas iesniegt s\u016bdz\u012bbu viet\u0113jai uzraudz\u012bbas iest\u0101dei vai kompetentajam regulatoram, ja vi\u0146i uzskata, ka vi\u0146u personas datu apstr\u0101de p\u0101rk\u0101pj piem\u0113rojamos likumus.<\/p>   <p><strong>M. ATJAUNIN\u0100JUMI \u0160AJ\u0100 POLITIK\u0100<\/strong><\/p>   <p>M\u0113s varam laiku pa laikam atjaunin\u0101t \u0161o politiku, lai atspogu\u013cotu jaunas vai at\u0161\u0137ir\u012bgas priv\u0101tuma prakses. \u0160aj\u0101 gad\u012bjum\u0101 m\u0113s public\u0113sim atjaunin\u0101tas \u0161\u012bs politikas versijas \u0161aj\u0101 lap\u0101. P\u0101rskat\u012bt\u0101 politika attieksies tikai uz datiem, kas sav\u0101kti p\u0113c t\u0101s sp\u0113k\u0101 st\u0101\u0161an\u0101s datuma. M\u0113s aicin\u0101m datu subjektus periodiski p\u0101rskat\u012bt \u0161o lapu, lai ieg\u016btu jaun\u0101ko inform\u0101ciju par m\u016bsu priv\u0101tuma praksi.<\/p>   <p><strong>N. K\u0100 SAZIN\u0100TIES AR MUMS<\/strong><\/p>   <p>Jebkuru jaut\u0101jumu, koment\u0101ru vai ba\u017eu gad\u012bjum\u0101 par \u0161o politiku vai lai izmantotu priv\u0101tuma ties\u012bbas, ko at\u013cauj piem\u0113rojamie likumi saist\u012bb\u0101 ar personas datiem, l\u016bdzu, sazinieties ar m\u016bsu datu aizsardz\u012bbas speci\u0101listu:<\/p>   <p>Sonova AG<br>Uzman\u012bbu: Datu aizsardz\u012bbas speci\u0101lists<br>Laubisruetistrasse 28<br>8712 St\u00e4fa, \u0160veice<br>+41 58 928 01 01 <\/p>   <p>privacy@sonova.com<\/p>   <p><\/p>   <p><\/p>   <p><br><br><\/p>   <p>                                                        <\/p>   <p><br><br><\/p>\n<\/div> ","protected":false},"excerpt":{"rendered":"<p>Priv\u0101tuma politika Sp\u0113k\u0101 no: 2025. gada apr\u012b\u013ca A. Visp\u0101r\u012bga inform\u0101cija Sonova AG ir re\u0123istr\u0113ta saska\u0146\u0101 ar \u0160veices likumiem, ar re\u0123istr\u0113to&#8230;<\/p>\n","protected":false},"author":5,"featured_media":373,"parent":0,"menu_order":0,"comment_status":"closed","ping_status":"closed","template":"","meta":{"_acf_changed":false,"inline_featured_image":false,"footnotes":""},"class_list":["post-372","page","type-page","status-publish","has-post-thumbnail","hentry"],"acf":[],"yoast_head":"<!-- This site is optimized with the Yoast SEO plugin v26.9 - https:\/\/yoast.com\/product\/yoast-seo-wordpress\/ -->\n<title>Priv\u0101tuma politika - Phonak - Latvija<\/title>\n<meta name=\"robots\" content=\"index, follow, max-snippet:-1, max-image-preview:large, max-video-preview:-1\" \/>\n<link rel=\"canonical\" href=\"https:\/\/intl.phonak.com\/main-english\/privacy-policy\/\" \/>\n<meta property=\"og:locale\" content=\"lv_LV\" \/>\n<meta property=\"og:type\" content=\"article\" \/>\n<meta property=\"og:title\" content=\"Priv\u0101tuma politika - Phonak - Latvija\" \/>\n<meta property=\"og:description\" content=\"Priv\u0101tuma politika Sp\u0113k\u0101 no: 2025. gada apr\u012b\u013ca A. Visp\u0101r\u012bga inform\u0101cija Sonova AG ir re\u0123istr\u0113ta saska\u0146\u0101 ar \u0160veices likumiem, ar re\u0123istr\u0113to...\" \/>\n<meta property=\"og:url\" content=\"https:\/\/intl.phonak.com\/lv-lv\/privacy-policy\/\" \/>\n<meta property=\"og:site_name\" content=\"Phonak - Latvija\" \/>\n<meta property=\"article:modified_time\" content=\"2025-10-13T12:15:46+00:00\" \/>\n<meta property=\"og:image\" content=\"https:\/\/intl.phonak.com\/lv-lv\/wp-content\/uploads\/sites\/73\/2025\/07\/PH_Packshot_Audeo-I-Sphere-xReceiver_050-1029-P7_708b84.png\" \/>\n\t<meta property=\"og:image:width\" content=\"600\" \/>\n\t<meta property=\"og:image:height\" content=\"600\" \/>\n\t<meta property=\"og:image:type\" content=\"image\/png\" \/>\n<meta name=\"twitter:card\" content=\"summary_large_image\" \/>\n<meta name=\"twitter:label1\" content=\"Est. reading time\" \/>\n\t<meta name=\"twitter:data1\" content=\"20 minutes\" \/>\n<script type=\"application\/ld+json\" class=\"yoast-schema-graph\">{\"@context\":\"https:\/\/schema.org\",\"@graph\":[{\"@type\":\"WebPage\",\"@id\":\"https:\/\/intl.phonak.com\/lv-lv\/privacy-policy\/\",\"url\":\"https:\/\/intl.phonak.com\/lv-lv\/privacy-policy\/\",\"name\":\"Priv\u0101tuma politika - Phonak - Latvija\",\"isPartOf\":{\"@id\":\"https:\/\/intl.phonak.com\/lv-lv\/#website\"},\"primaryImageOfPage\":{\"@id\":\"https:\/\/intl.phonak.com\/lv-lv\/privacy-policy\/#primaryimage\"},\"image\":{\"@id\":\"https:\/\/intl.phonak.com\/lv-lv\/privacy-policy\/#primaryimage\"},\"thumbnailUrl\":\"https:\/\/intl.phonak.com\/lv-lv\/wp-content\/uploads\/sites\/73\/2025\/07\/PH_Packshot_Audeo-I-Sphere-xReceiver_050-1029-P7_708b84.png\",\"datePublished\":\"2021-12-01T16:57:39+00:00\",\"dateModified\":\"2025-10-13T12:15:46+00:00\",\"breadcrumb\":{\"@id\":\"https:\/\/intl.phonak.com\/lv-lv\/privacy-policy\/#breadcrumb\"},\"inLanguage\":\"lv-LV\",\"potentialAction\":[{\"@type\":\"ReadAction\",\"target\":[\"https:\/\/intl.phonak.com\/lv-lv\/privacy-policy\/\"]}]},{\"@type\":\"ImageObject\",\"inLanguage\":\"lv-LV\",\"@id\":\"https:\/\/intl.phonak.com\/lv-lv\/privacy-policy\/#primaryimage\",\"url\":\"https:\/\/intl.phonak.com\/lv-lv\/wp-content\/uploads\/sites\/73\/2025\/07\/PH_Packshot_Audeo-I-Sphere-xReceiver_050-1029-P7_708b84.png\",\"contentUrl\":\"https:\/\/intl.phonak.com\/lv-lv\/wp-content\/uploads\/sites\/73\/2025\/07\/PH_Packshot_Audeo-I-Sphere-xReceiver_050-1029-P7_708b84.png\",\"width\":600,\"height\":600,\"caption\":\"Phonak Aud\u00e9o Sphere Infinio\"},{\"@type\":\"BreadcrumbList\",\"@id\":\"https:\/\/intl.phonak.com\/lv-lv\/privacy-policy\/#breadcrumb\",\"itemListElement\":[{\"@type\":\"ListItem\",\"position\":1,\"name\":\"Home\",\"item\":\"https:\/\/intl.phonak.com\/lv-lv\/\"},{\"@type\":\"ListItem\",\"position\":2,\"name\":\"Privacy Policy\"}]},{\"@type\":\"WebSite\",\"@id\":\"https:\/\/intl.phonak.com\/lv-lv\/#website\",\"url\":\"https:\/\/intl.phonak.com\/lv-lv\/\",\"name\":\"Phonak - Latvija\",\"description\":\"Ap\u0146\u0113mu\u0161ies main\u012bt dz\u012bves\",\"publisher\":{\"@id\":\"https:\/\/intl.phonak.com\/lv-lv\/#organization\"},\"potentialAction\":[{\"@type\":\"SearchAction\",\"target\":{\"@type\":\"EntryPoint\",\"urlTemplate\":\"https:\/\/intl.phonak.com\/lv-lv\/?s={search_term_string}\"},\"query-input\":{\"@type\":\"PropertyValueSpecification\",\"valueRequired\":true,\"valueName\":\"search_term_string\"}}],\"inLanguage\":\"lv-LV\"},{\"@type\":\"Organization\",\"@id\":\"https:\/\/intl.phonak.com\/lv-lv\/#organization\",\"name\":\"Phonak - Latvija\",\"url\":\"https:\/\/intl.phonak.com\/lv-lv\/\",\"logo\":{\"@type\":\"ImageObject\",\"inLanguage\":\"lv-LV\",\"@id\":\"https:\/\/intl.phonak.com\/lv-lv\/#\/schema\/logo\/image\/\",\"url\":\"https:\/\/intl.phonak.com\/lv-lv\/wp-content\/uploads\/sites\/73\/2025\/07\/logo-phonak.svg\",\"contentUrl\":\"https:\/\/intl.phonak.com\/lv-lv\/wp-content\/uploads\/sites\/73\/2025\/07\/logo-phonak.svg\",\"caption\":\"Phonak - Latvija\"},\"image\":{\"@id\":\"https:\/\/intl.phonak.com\/lv-lv\/#\/schema\/logo\/image\/\"}}]}<\/script>\n<!-- \/ Yoast SEO plugin. -->","yoast_head_json":{"title":"Priv\u0101tuma politika - Phonak - Latvija","robots":{"index":"index","follow":"follow","max-snippet":"max-snippet:-1","max-image-preview":"max-image-preview:large","max-video-preview":"max-video-preview:-1"},"canonical":"https:\/\/intl.phonak.com\/main-english\/privacy-policy\/","og_locale":"lv_LV","og_type":"article","og_title":"Priv\u0101tuma politika - Phonak - Latvija","og_description":"Priv\u0101tuma politika Sp\u0113k\u0101 no: 2025. gada apr\u012b\u013ca A. Visp\u0101r\u012bga inform\u0101cija Sonova AG ir re\u0123istr\u0113ta saska\u0146\u0101 ar \u0160veices likumiem, ar re\u0123istr\u0113to...","og_url":"https:\/\/intl.phonak.com\/lv-lv\/privacy-policy\/","og_site_name":"Phonak - Latvija","article_modified_time":"2025-10-13T12:15:46+00:00","og_image":[{"width":600,"height":600,"url":"https:\/\/intl.phonak.com\/lv-lv\/wp-content\/uploads\/sites\/73\/2025\/07\/PH_Packshot_Audeo-I-Sphere-xReceiver_050-1029-P7_708b84.png","type":"image\/png"}],"twitter_card":"summary_large_image","twitter_misc":{"Est. reading time":"20 minutes"},"schema":{"@context":"https:\/\/schema.org","@graph":[{"@type":"WebPage","@id":"https:\/\/intl.phonak.com\/lv-lv\/privacy-policy\/","url":"https:\/\/intl.phonak.com\/lv-lv\/privacy-policy\/","name":"Priv\u0101tuma politika - Phonak - Latvija","isPartOf":{"@id":"https:\/\/intl.phonak.com\/lv-lv\/#website"},"primaryImageOfPage":{"@id":"https:\/\/intl.phonak.com\/lv-lv\/privacy-policy\/#primaryimage"},"image":{"@id":"https:\/\/intl.phonak.com\/lv-lv\/privacy-policy\/#primaryimage"},"thumbnailUrl":"https:\/\/intl.phonak.com\/lv-lv\/wp-content\/uploads\/sites\/73\/2025\/07\/PH_Packshot_Audeo-I-Sphere-xReceiver_050-1029-P7_708b84.png","datePublished":"2021-12-01T16:57:39+00:00","dateModified":"2025-10-13T12:15:46+00:00","breadcrumb":{"@id":"https:\/\/intl.phonak.com\/lv-lv\/privacy-policy\/#breadcrumb"},"inLanguage":"lv-LV","potentialAction":[{"@type":"ReadAction","target":["https:\/\/intl.phonak.com\/lv-lv\/privacy-policy\/"]}]},{"@type":"ImageObject","inLanguage":"lv-LV","@id":"https:\/\/intl.phonak.com\/lv-lv\/privacy-policy\/#primaryimage","url":"https:\/\/intl.phonak.com\/lv-lv\/wp-content\/uploads\/sites\/73\/2025\/07\/PH_Packshot_Audeo-I-Sphere-xReceiver_050-1029-P7_708b84.png","contentUrl":"https:\/\/intl.phonak.com\/lv-lv\/wp-content\/uploads\/sites\/73\/2025\/07\/PH_Packshot_Audeo-I-Sphere-xReceiver_050-1029-P7_708b84.png","width":600,"height":600,"caption":"Phonak Aud\u00e9o Sphere Infinio"},{"@type":"BreadcrumbList","@id":"https:\/\/intl.phonak.com\/lv-lv\/privacy-policy\/#breadcrumb","itemListElement":[{"@type":"ListItem","position":1,"name":"Home","item":"https:\/\/intl.phonak.com\/lv-lv\/"},{"@type":"ListItem","position":2,"name":"Privacy Policy"}]},{"@type":"WebSite","@id":"https:\/\/intl.phonak.com\/lv-lv\/#website","url":"https:\/\/intl.phonak.com\/lv-lv\/","name":"Phonak - Latvija","description":"Ap\u0146\u0113mu\u0161ies main\u012bt dz\u012bves","publisher":{"@id":"https:\/\/intl.phonak.com\/lv-lv\/#organization"},"potentialAction":[{"@type":"SearchAction","target":{"@type":"EntryPoint","urlTemplate":"https:\/\/intl.phonak.com\/lv-lv\/?s={search_term_string}"},"query-input":{"@type":"PropertyValueSpecification","valueRequired":true,"valueName":"search_term_string"}}],"inLanguage":"lv-LV"},{"@type":"Organization","@id":"https:\/\/intl.phonak.com\/lv-lv\/#organization","name":"Phonak - Latvija","url":"https:\/\/intl.phonak.com\/lv-lv\/","logo":{"@type":"ImageObject","inLanguage":"lv-LV","@id":"https:\/\/intl.phonak.com\/lv-lv\/#\/schema\/logo\/image\/","url":"https:\/\/intl.phonak.com\/lv-lv\/wp-content\/uploads\/sites\/73\/2025\/07\/logo-phonak.svg","contentUrl":"https:\/\/intl.phonak.com\/lv-lv\/wp-content\/uploads\/sites\/73\/2025\/07\/logo-phonak.svg","caption":"Phonak - Latvija"},"image":{"@id":"https:\/\/intl.phonak.com\/lv-lv\/#\/schema\/logo\/image\/"}}]}},"jetpack_sharing_enabled":true,"distributor_meta":false,"distributor_terms":false,"distributor_media":false,"distributor_original_site_name":"Phonak - Latvija","distributor_original_site_url":"https:\/\/intl.phonak.com\/lv-lv","push-errors":false,"_links":{"self":[{"href":"https:\/\/intl.phonak.com\/lv-lv\/wp-json\/wp\/v2\/pages\/372","targetHints":{"allow":["GET"]}}],"collection":[{"href":"https:\/\/intl.phonak.com\/lv-lv\/wp-json\/wp\/v2\/pages"}],"about":[{"href":"https:\/\/intl.phonak.com\/lv-lv\/wp-json\/wp\/v2\/types\/page"}],"author":[{"embeddable":true,"href":"https:\/\/intl.phonak.com\/lv-lv\/wp-json\/wp\/v2\/users\/5"}],"replies":[{"embeddable":true,"href":"https:\/\/intl.phonak.com\/lv-lv\/wp-json\/wp\/v2\/comments?post=372"}],"version-history":[{"count":2,"href":"https:\/\/intl.phonak.com\/lv-lv\/wp-json\/wp\/v2\/pages\/372\/revisions"}],"predecessor-version":[{"id":774,"href":"https:\/\/intl.phonak.com\/lv-lv\/wp-json\/wp\/v2\/pages\/372\/revisions\/774"}],"wp:featuredmedia":[{"embeddable":true,"href":"https:\/\/intl.phonak.com\/lv-lv\/wp-json\/wp\/v2\/media\/373"}],"wp:attachment":[{"href":"https:\/\/intl.phonak.com\/lv-lv\/wp-json\/wp\/v2\/media?parent=372"}],"curies":[{"name":"wp","href":"https:\/\/api.w.org\/{rel}","templated":true}]}}